{"id":10602,"date":"2025-05-05T20:22:57","date_gmt":"2025-05-05T20:22:57","guid":{"rendered":"https:\/\/danielfarias.com.br\/sindilojas-temp\/?page_id=10602"},"modified":"2025-06-24T15:36:02","modified_gmt":"2025-06-24T15:36:02","slug":"convencoes-coletivas","status":"publish","type":"page","link":"https:\/\/sindilojasfor.org.br\/web\/convencoes-coletivas\/","title":{"rendered":"Conven\u00e7\u00f5es Coletivas"},"content":{"rendered":"\t\t<div data-elementor-type=\"wp-page\" data-elementor-id=\"10602\" class=\"elementor elementor-10602\" data-elementor-post-type=\"page\">\n\t\t\t\t<div class=\"elementor-element elementor-element-53f5d11 e-flex e-con-boxed e-con e-parent\" data-id=\"53f5d11\" data-element_type=\"container\" data-e-type=\"container\" data-settings=\"{&quot;background_background&quot;:&quot;classic&quot;}\">\n\t\t\t\t\t<div class=\"e-con-inner\">\n\t\t\t\t\t<\/div>\n\t\t\t\t<\/div>\n\t\t<div class=\"elementor-element elementor-element-b947935 e-flex e-con-boxed e-con e-parent\" data-id=\"b947935\" data-element_type=\"container\" data-e-type=\"container\">\n\t\t\t\t\t<div class=\"e-con-inner\">\n\t\t\t\t<div class=\"elementor-element elementor-element-0ddae91 elementor-widget elementor-widget-image\" data-id=\"0ddae91\" data-element_type=\"widget\" data-e-type=\"widget\" data-widget_type=\"image.default\">\n\t\t\t\t<div class=\"elementor-widget-container\">\n\t\t\t\t\t\t\t\t\t\t\t\t\t\t\t<img decoding=\"async\" width=\"71\" height=\"71\" src=\"https:\/\/sindilojasfor.org.br\/web\/wp-content\/uploads\/2025\/05\/detalhe-xadrez.webp\" class=\"attachment-large size-large wp-image-128\" alt=\"\" \/>\t\t\t\t\t\t\t\t\t\t\t\t\t\t\t<\/div>\n\t\t\t\t<\/div>\n\t\t\t\t\t<\/div>\n\t\t\t\t<\/div>\n\t\t<div class=\"elementor-element elementor-element-4178ef6 e-flex e-con-boxed e-con e-parent\" data-id=\"4178ef6\" data-element_type=\"container\" data-e-type=\"container\">\n\t\t\t\t\t<div class=\"e-con-inner\">\n\t\t\t\t<div class=\"elementor-element elementor-element-49b1f23 elementor-widget__width-inherit elementor-widget elementor-widget-jet-listing-grid\" data-id=\"49b1f23\" data-element_type=\"widget\" data-e-type=\"widget\" data-settings=\"{&quot;columns&quot;:&quot;3&quot;,&quot;columns_laptop&quot;:&quot;3&quot;,&quot;columns_tablet&quot;:&quot;2&quot;,&quot;columns_mobile&quot;:&quot;1&quot;}\" data-widget_type=\"jet-listing-grid.default\">\n\t\t\t\t<div class=\"elementor-widget-container\">\n\t\t\t\t\t<div class=\"jet-listing-grid jet-listing\"><div class=\"jet-listing-grid__items grid-col-desk-3 grid-col-tablet-2 grid-col-mobile-1 jet-listing-grid--10607 jet-equal-columns__wrapper\" data-queried-id=\"10602|WP_Post\" data-nav=\"{&quot;enabled&quot;:false,&quot;type&quot;:null,&quot;more_el&quot;:null,&quot;query&quot;:[],&quot;widget_settings&quot;:{&quot;lisitng_id&quot;:10607,&quot;posts_num&quot;:999,&quot;columns&quot;:3,&quot;columns_tablet&quot;:2,&quot;columns_mobile&quot;:1,&quot;column_min_width&quot;:240,&quot;column_min_width_tablet&quot;:240,&quot;column_min_width_mobile&quot;:240,&quot;inline_columns_css&quot;:false,&quot;is_archive_template&quot;:&quot;&quot;,&quot;post_status&quot;:[&quot;publish&quot;],&quot;use_random_posts_num&quot;:&quot;&quot;,&quot;max_posts_num&quot;:9,&quot;not_found_message&quot;:&quot;No data was found&quot;,&quot;is_masonry&quot;:false,&quot;equal_columns_height&quot;:&quot;yes&quot;,&quot;use_load_more&quot;:&quot;&quot;,&quot;load_more_id&quot;:&quot;&quot;,&quot;load_more_type&quot;:&quot;click&quot;,&quot;load_more_offset&quot;:{&quot;unit&quot;:&quot;px&quot;,&quot;size&quot;:0,&quot;sizes&quot;:[]},&quot;use_custom_post_types&quot;:&quot;&quot;,&quot;custom_post_types&quot;:[],&quot;hide_widget_if&quot;:&quot;&quot;,&quot;carousel_enabled&quot;:&quot;&quot;,&quot;slides_to_scroll&quot;:&quot;1&quot;,&quot;arrows&quot;:&quot;true&quot;,&quot;arrow_icon&quot;:&quot;fa fa-angle-left&quot;,&quot;dots&quot;:&quot;&quot;,&quot;autoplay&quot;:&quot;true&quot;,&quot;pause_on_hover&quot;:&quot;true&quot;,&quot;autoplay_speed&quot;:5000,&quot;infinite&quot;:&quot;true&quot;,&quot;center_mode&quot;:&quot;&quot;,&quot;effect&quot;:&quot;slide&quot;,&quot;speed&quot;:500,&quot;inject_alternative_items&quot;:&quot;&quot;,&quot;injection_items&quot;:[],&quot;scroll_slider_enabled&quot;:&quot;&quot;,&quot;scroll_slider_on&quot;:[&quot;desktop&quot;,&quot;tablet&quot;,&quot;mobile&quot;],&quot;custom_query&quot;:false,&quot;custom_query_id&quot;:&quot;&quot;,&quot;_element_id&quot;:&quot;&quot;,&quot;collapse_first_last_gap&quot;:false,&quot;list_tag_selection&quot;:&quot;&quot;,&quot;list_items_wrapper_tag&quot;:&quot;div&quot;,&quot;list_item_tag&quot;:&quot;div&quot;,&quot;empty_items_wrapper_tag&quot;:&quot;div&quot;}}\" data-page=\"1\" data-pages=\"1\" data-listing-source=\"posts\" data-listing-id=\"10607\" data-query-id=\"\"><div class=\"jet-listing-grid__item jet-listing-dynamic-post-18898 jet-equal-columns\" data-post-id=\"18898\"  >\t\t<div data-elementor-type=\"jet-listing-items\" data-elementor-id=\"10607\" class=\"elementor elementor-10607\" data-elementor-post-type=\"jet-engine\">\n\t\t\t\t<div data-ha-element-link=\"{&quot;url&quot;:&quot;https:\\\/\\\/sindilojasfor.org.br\\\/web\\\/wp-content\\\/uploads\\\/2026\\\/02\\\/Termo-Aditivo-CCT-2025-2026-SINDILOJAS.pdf&quot;,&quot;is_external&quot;:&quot;on&quot;,&quot;nofollow&quot;:&quot;&quot;}\" style=\"cursor: pointer\" class=\"elementor-element elementor-element-1b3f346 e-con-full e-flex e-con e-parent\" data-id=\"1b3f346\" data-element_type=\"container\" data-e-type=\"container\" data-settings=\"{&quot;background_background&quot;:&quot;classic&quot;}\">\n\t\t\t\t<div class=\"elementor-element elementor-element-2f5c5aa elementor-widget elementor-widget-heading\" data-id=\"2f5c5aa\" data-element_type=\"widget\" data-e-type=\"widget\" data-widget_type=\"heading.default\">\n\t\t\t\t<div class=\"elementor-widget-container\">\n\t\t\t\t\t<p class=\"elementor-heading-title elementor-size-default\">TERMO ADITIVO CONVEN\u00c7\u00c3O COLETIVA DE TRABALHO SINDILOJAS 2025\/2026<\/p>\t\t\t\t<\/div>\n\t\t\t\t<\/div>\n\t\t\t\t<\/div>\n\t\t\t\t<\/div>\n\t\t<\/div><div class=\"jet-listing-grid__item jet-listing-dynamic-post-18895 jet-equal-columns\" data-post-id=\"18895\"  >\t\t<div data-elementor-type=\"jet-listing-items\" data-elementor-id=\"10607\" class=\"elementor elementor-10607\" data-elementor-post-type=\"jet-engine\">\n\t\t\t\t<div data-ha-element-link=\"{&quot;url&quot;:&quot;https:\\\/\\\/sindilojasfor.org.br\\\/web\\\/wp-content\\\/uploads\\\/2026\\\/02\\\/Termo-Aditivo-CCT-2025-2026-SINDIMAC.pdf&quot;,&quot;is_external&quot;:&quot;on&quot;,&quot;nofollow&quot;:&quot;&quot;}\" style=\"cursor: pointer\" class=\"elementor-element elementor-element-1b3f346 e-con-full e-flex e-con e-parent\" data-id=\"1b3f346\" data-element_type=\"container\" data-e-type=\"container\" data-settings=\"{&quot;background_background&quot;:&quot;classic&quot;}\">\n\t\t\t\t<div class=\"elementor-element elementor-element-2f5c5aa elementor-widget elementor-widget-heading\" data-id=\"2f5c5aa\" data-element_type=\"widget\" data-e-type=\"widget\" data-widget_type=\"heading.default\">\n\t\t\t\t<div class=\"elementor-widget-container\">\n\t\t\t\t\t<p class=\"elementor-heading-title elementor-size-default\">TERMO ADITIVO CONVEN\u00c7\u00c3O COLETIVA DE TRABALHO SINDIMAC 2025\/2026<\/p>\t\t\t\t<\/div>\n\t\t\t\t<\/div>\n\t\t\t\t<\/div>\n\t\t\t\t<\/div>\n\t\t<\/div><div class=\"jet-listing-grid__item jet-listing-dynamic-post-10632 jet-equal-columns\" data-post-id=\"10632\"  >\t\t<div data-elementor-type=\"jet-listing-items\" data-elementor-id=\"10607\" class=\"elementor elementor-10607\" data-elementor-post-type=\"jet-engine\">\n\t\t\t\t<div data-ha-element-link=\"{&quot;url&quot;:&quot;https:\\\/\\\/sindilojasfor.org.br\\\/site\\\/wp-content\\\/uploads\\\/2025\\\/01\\\/Convencao-Coletiva-de-Trabalho-SINDILOJAS.pdf&quot;,&quot;is_external&quot;:&quot;on&quot;,&quot;nofollow&quot;:&quot;&quot;}\" style=\"cursor: pointer\" class=\"elementor-element elementor-element-1b3f346 e-con-full e-flex e-con e-parent\" data-id=\"1b3f346\" data-element_type=\"container\" data-e-type=\"container\" data-settings=\"{&quot;background_background&quot;:&quot;classic&quot;}\">\n\t\t\t\t<div class=\"elementor-element elementor-element-2f5c5aa elementor-widget elementor-widget-heading\" data-id=\"2f5c5aa\" data-element_type=\"widget\" data-e-type=\"widget\" data-widget_type=\"heading.default\">\n\t\t\t\t<div class=\"elementor-widget-container\">\n\t\t\t\t\t<p class=\"elementor-heading-title elementor-size-default\">CONVEN\u00c7\u00c3O COLETIVA DE TRABALHO SINDILOJAS 2025-2026<\/p>\t\t\t\t<\/div>\n\t\t\t\t<\/div>\n\t\t\t\t<\/div>\n\t\t\t\t<\/div>\n\t\t<\/div><div class=\"jet-listing-grid__item jet-listing-dynamic-post-10630 jet-equal-columns\" data-post-id=\"10630\"  >\t\t<div data-elementor-type=\"jet-listing-items\" data-elementor-id=\"10607\" class=\"elementor elementor-10607\" data-elementor-post-type=\"jet-engine\">\n\t\t\t\t<div data-ha-element-link=\"{&quot;url&quot;:&quot;https:\\\/\\\/sindilojasfor.org.br\\\/site\\\/wp-content\\\/uploads\\\/2025\\\/01\\\/Convencao-Coletiva-de-Trabalho-SINDIMAC.pdf&quot;,&quot;is_external&quot;:&quot;on&quot;,&quot;nofollow&quot;:&quot;&quot;}\" style=\"cursor: pointer\" class=\"elementor-element elementor-element-1b3f346 e-con-full e-flex e-con e-parent\" data-id=\"1b3f346\" data-element_type=\"container\" data-e-type=\"container\" data-settings=\"{&quot;background_background&quot;:&quot;classic&quot;}\">\n\t\t\t\t<div class=\"elementor-element elementor-element-2f5c5aa elementor-widget elementor-widget-heading\" data-id=\"2f5c5aa\" data-element_type=\"widget\" data-e-type=\"widget\" data-widget_type=\"heading.default\">\n\t\t\t\t<div class=\"elementor-widget-container\">\n\t\t\t\t\t<p class=\"elementor-heading-title elementor-size-default\">CONVEN\u00c7\u00c3O COLETIVA DE TRABALHO SINDIMAC 2025-2026<\/p>\t\t\t\t<\/div>\n\t\t\t\t<\/div>\n\t\t\t\t<\/div>\n\t\t\t\t<\/div>\n\t\t<\/div><div class=\"jet-listing-grid__item jet-listing-dynamic-post-10629 jet-equal-columns\" data-post-id=\"10629\"  >\t\t<div data-elementor-type=\"jet-listing-items\" data-elementor-id=\"10607\" class=\"elementor elementor-10607\" data-elementor-post-type=\"jet-engine\">\n\t\t\t\t<div data-ha-element-link=\"{&quot;url&quot;:&quot;https:\\\/\\\/sindilojasfor.org.br\\\/site\\\/wp-content\\\/uploads\\\/2023\\\/12\\\/Termo-Aditivo-Convencao-Coletiva-de-Trabalho-2023-2024-SINDILOJAS.pdf&quot;,&quot;is_external&quot;:&quot;on&quot;,&quot;nofollow&quot;:&quot;&quot;}\" style=\"cursor: pointer\" class=\"elementor-element elementor-element-1b3f346 e-con-full e-flex e-con e-parent\" data-id=\"1b3f346\" data-element_type=\"container\" data-e-type=\"container\" data-settings=\"{&quot;background_background&quot;:&quot;classic&quot;}\">\n\t\t\t\t<div class=\"elementor-element elementor-element-2f5c5aa elementor-widget elementor-widget-heading\" data-id=\"2f5c5aa\" data-element_type=\"widget\" data-e-type=\"widget\" data-widget_type=\"heading.default\">\n\t\t\t\t<div class=\"elementor-widget-container\">\n\t\t\t\t\t<p class=\"elementor-heading-title elementor-size-default\">TERMO ADITIVO CONVEN\u00c7\u00c3O COLETIVA DE TRABALHO SINDILOJAS 2023\/2024<\/p>\t\t\t\t<\/div>\n\t\t\t\t<\/div>\n\t\t\t\t<\/div>\n\t\t\t\t<\/div>\n\t\t<\/div><div class=\"jet-listing-grid__item jet-listing-dynamic-post-10627 jet-equal-columns\" data-post-id=\"10627\"  >\t\t<div data-elementor-type=\"jet-listing-items\" data-elementor-id=\"10607\" class=\"elementor elementor-10607\" data-elementor-post-type=\"jet-engine\">\n\t\t\t\t<div data-ha-element-link=\"{&quot;url&quot;:&quot;https:\\\/\\\/sindilojasfor.org.br\\\/site\\\/wp-content\\\/uploads\\\/2023\\\/12\\\/Termo-Aditivo-Convencao-Coletiva-de-Trabalho-2023-2024-SINDIMAC.pdf&quot;,&quot;is_external&quot;:&quot;on&quot;,&quot;nofollow&quot;:&quot;&quot;}\" style=\"cursor: pointer\" class=\"elementor-element elementor-element-1b3f346 e-con-full e-flex e-con e-parent\" data-id=\"1b3f346\" data-element_type=\"container\" data-e-type=\"container\" data-settings=\"{&quot;background_background&quot;:&quot;classic&quot;}\">\n\t\t\t\t<div class=\"elementor-element elementor-element-2f5c5aa elementor-widget elementor-widget-heading\" data-id=\"2f5c5aa\" data-element_type=\"widget\" data-e-type=\"widget\" data-widget_type=\"heading.default\">\n\t\t\t\t<div class=\"elementor-widget-container\">\n\t\t\t\t\t<p class=\"elementor-heading-title elementor-size-default\">TERMO ADITIVO CONVEN\u00c7\u00c3O COLETIVA DE TRABALHO SINDIMAC 2023\/2024<\/p>\t\t\t\t<\/div>\n\t\t\t\t<\/div>\n\t\t\t\t<\/div>\n\t\t\t\t<\/div>\n\t\t<\/div><div class=\"jet-listing-grid__item jet-listing-dynamic-post-10626 jet-equal-columns\" data-post-id=\"10626\"  >\t\t<div data-elementor-type=\"jet-listing-items\" data-elementor-id=\"10607\" class=\"elementor elementor-10607\" data-elementor-post-type=\"jet-engine\">\n\t\t\t\t<div data-ha-element-link=\"{&quot;url&quot;:&quot;https:\\\/\\\/sindilojasfor.org.br\\\/site\\\/wp-content\\\/uploads\\\/2023\\\/01\\\/Convencao-Coletiva-Sindilojas-2023-2024-registrada-2.pdf&quot;,&quot;is_external&quot;:&quot;on&quot;,&quot;nofollow&quot;:&quot;&quot;}\" style=\"cursor: pointer\" class=\"elementor-element elementor-element-1b3f346 e-con-full e-flex e-con e-parent\" data-id=\"1b3f346\" data-element_type=\"container\" data-e-type=\"container\" data-settings=\"{&quot;background_background&quot;:&quot;classic&quot;}\">\n\t\t\t\t<div class=\"elementor-element elementor-element-2f5c5aa elementor-widget elementor-widget-heading\" data-id=\"2f5c5aa\" data-element_type=\"widget\" data-e-type=\"widget\" data-widget_type=\"heading.default\">\n\t\t\t\t<div class=\"elementor-widget-container\">\n\t\t\t\t\t<p class=\"elementor-heading-title elementor-size-default\">CONVEN\u00c7\u00c3O COLETIVA DE TRABALHO SINDILOJAS 2023-2024<\/p>\t\t\t\t<\/div>\n\t\t\t\t<\/div>\n\t\t\t\t<\/div>\n\t\t\t\t<\/div>\n\t\t<\/div><div class=\"jet-listing-grid__item jet-listing-dynamic-post-10625 jet-equal-columns\" data-post-id=\"10625\"  >\t\t<div data-elementor-type=\"jet-listing-items\" data-elementor-id=\"10607\" class=\"elementor elementor-10607\" data-elementor-post-type=\"jet-engine\">\n\t\t\t\t<div data-ha-element-link=\"{&quot;url&quot;:&quot;https:\\\/\\\/sindilojasfor.org.br\\\/site\\\/wp-content\\\/uploads\\\/2023\\\/01\\\/Convencao-Coletiva-Sindimac-2023-2024-registrada-1.pdf&quot;,&quot;is_external&quot;:&quot;on&quot;,&quot;nofollow&quot;:&quot;&quot;}\" style=\"cursor: pointer\" class=\"elementor-element elementor-element-1b3f346 e-con-full e-flex e-con e-parent\" data-id=\"1b3f346\" data-element_type=\"container\" data-e-type=\"container\" data-settings=\"{&quot;background_background&quot;:&quot;classic&quot;}\">\n\t\t\t\t<div class=\"elementor-element elementor-element-2f5c5aa elementor-widget elementor-widget-heading\" data-id=\"2f5c5aa\" data-element_type=\"widget\" data-e-type=\"widget\" data-widget_type=\"heading.default\">\n\t\t\t\t<div class=\"elementor-widget-container\">\n\t\t\t\t\t<p class=\"elementor-heading-title elementor-size-default\">CONVEN\u00c7\u00c3O COLETIVA DE TRABALHO SINDIMAC 2023-2024<\/p>\t\t\t\t<\/div>\n\t\t\t\t<\/div>\n\t\t\t\t<\/div>\n\t\t\t\t<\/div>\n\t\t<\/div><div class=\"jet-listing-grid__item jet-listing-dynamic-post-10624 jet-equal-columns\" data-post-id=\"10624\"  >\t\t<div data-elementor-type=\"jet-listing-items\" data-elementor-id=\"10607\" class=\"elementor elementor-10607\" data-elementor-post-type=\"jet-engine\">\n\t\t\t\t<div data-ha-element-link=\"{&quot;url&quot;:&quot;https:\\\/\\\/sindilojasfor.org.br\\\/site\\\/wp-content\\\/uploads\\\/2022\\\/01\\\/SINDILOJAS-Termo-Aditivo-CCT-2022.pdf&quot;,&quot;is_external&quot;:&quot;on&quot;,&quot;nofollow&quot;:&quot;&quot;}\" style=\"cursor: pointer\" class=\"elementor-element elementor-element-1b3f346 e-con-full e-flex e-con e-parent\" data-id=\"1b3f346\" data-element_type=\"container\" data-e-type=\"container\" data-settings=\"{&quot;background_background&quot;:&quot;classic&quot;}\">\n\t\t\t\t<div class=\"elementor-element elementor-element-2f5c5aa elementor-widget elementor-widget-heading\" data-id=\"2f5c5aa\" data-element_type=\"widget\" data-e-type=\"widget\" data-widget_type=\"heading.default\">\n\t\t\t\t<div class=\"elementor-widget-container\">\n\t\t\t\t\t<p class=\"elementor-heading-title elementor-size-default\">TERMO ADITIVO CONVEN\u00c7\u00c3O COLETIVA DE TRABALHO SINDILOJAS 2022<\/p>\t\t\t\t<\/div>\n\t\t\t\t<\/div>\n\t\t\t\t<\/div>\n\t\t\t\t<\/div>\n\t\t<\/div><div class=\"jet-listing-grid__item jet-listing-dynamic-post-10623 jet-equal-columns\" data-post-id=\"10623\"  >\t\t<div data-elementor-type=\"jet-listing-items\" data-elementor-id=\"10607\" class=\"elementor elementor-10607\" data-elementor-post-type=\"jet-engine\">\n\t\t\t\t<div data-ha-element-link=\"{&quot;url&quot;:&quot;https:\\\/\\\/sindilojasfor.org.br\\\/site\\\/wp-content\\\/uploads\\\/2022\\\/01\\\/SINDIMAC-Termo-Aditivo-CCT-2022.pdf&quot;,&quot;is_external&quot;:&quot;on&quot;,&quot;nofollow&quot;:&quot;&quot;}\" style=\"cursor: pointer\" class=\"elementor-element elementor-element-1b3f346 e-con-full e-flex e-con e-parent\" data-id=\"1b3f346\" data-element_type=\"container\" data-e-type=\"container\" data-settings=\"{&quot;background_background&quot;:&quot;classic&quot;}\">\n\t\t\t\t<div class=\"elementor-element elementor-element-2f5c5aa elementor-widget elementor-widget-heading\" data-id=\"2f5c5aa\" data-element_type=\"widget\" data-e-type=\"widget\" data-widget_type=\"heading.default\">\n\t\t\t\t<div class=\"elementor-widget-container\">\n\t\t\t\t\t<p class=\"elementor-heading-title elementor-size-default\">TERMO ADITIVO CONVEN\u00c7\u00c3O COLETIVA DE TRABALHO SINDIMAC 2022<\/p>\t\t\t\t<\/div>\n\t\t\t\t<\/div>\n\t\t\t\t<\/div>\n\t\t\t\t<\/div>\n\t\t<\/div><div class=\"jet-listing-grid__item jet-listing-dynamic-post-10622 jet-equal-columns\" data-post-id=\"10622\"  >\t\t<div data-elementor-type=\"jet-listing-items\" data-elementor-id=\"10607\" class=\"elementor elementor-10607\" data-elementor-post-type=\"jet-engine\">\n\t\t\t\t<div data-ha-element-link=\"{&quot;url&quot;:&quot;https:\\\/\\\/sindilojasfor.org.br\\\/site\\\/wp-content\\\/uploads\\\/2021\\\/04\\\/Termo-de-Ajuste-de-Conduta-Sindilojas-2021_3.pdf&quot;,&quot;is_external&quot;:&quot;on&quot;,&quot;nofollow&quot;:&quot;&quot;}\" style=\"cursor: pointer\" class=\"elementor-element elementor-element-1b3f346 e-con-full e-flex e-con e-parent\" data-id=\"1b3f346\" data-element_type=\"container\" data-e-type=\"container\" data-settings=\"{&quot;background_background&quot;:&quot;classic&quot;}\">\n\t\t\t\t<div class=\"elementor-element elementor-element-2f5c5aa elementor-widget elementor-widget-heading\" data-id=\"2f5c5aa\" data-element_type=\"widget\" data-e-type=\"widget\" data-widget_type=\"heading.default\">\n\t\t\t\t<div class=\"elementor-widget-container\">\n\t\t\t\t\t<p class=\"elementor-heading-title elementor-size-default\">TERMO DE AJUSTAMENTO DE CONDUTA-TAC SINDILOJAS \u2013 03\/2021<\/p>\t\t\t\t<\/div>\n\t\t\t\t<\/div>\n\t\t\t\t<\/div>\n\t\t\t\t<\/div>\n\t\t<\/div><div class=\"jet-listing-grid__item jet-listing-dynamic-post-10621 jet-equal-columns\" data-post-id=\"10621\"  >\t\t<div data-elementor-type=\"jet-listing-items\" data-elementor-id=\"10607\" class=\"elementor elementor-10607\" data-elementor-post-type=\"jet-engine\">\n\t\t\t\t<div data-ha-element-link=\"{&quot;url&quot;:&quot;https:\\\/\\\/sindilojasfor.org.br\\\/site\\\/wp-content\\\/uploads\\\/2021\\\/03\\\/Termo-de-Ajuste-de-Conduta-Sindilojas-2021_2.pdf&quot;,&quot;is_external&quot;:&quot;on&quot;,&quot;nofollow&quot;:&quot;&quot;}\" style=\"cursor: pointer\" class=\"elementor-element elementor-element-1b3f346 e-con-full e-flex e-con e-parent\" data-id=\"1b3f346\" data-element_type=\"container\" data-e-type=\"container\" data-settings=\"{&quot;background_background&quot;:&quot;classic&quot;}\">\n\t\t\t\t<div class=\"elementor-element elementor-element-2f5c5aa elementor-widget elementor-widget-heading\" data-id=\"2f5c5aa\" data-element_type=\"widget\" data-e-type=\"widget\" data-widget_type=\"heading.default\">\n\t\t\t\t<div class=\"elementor-widget-container\">\n\t\t\t\t\t<p class=\"elementor-heading-title elementor-size-default\">TERMO DE AJUSTAMENTO DE CONDUTA-TAC SINDILOJAS \u2013 02\/2021<\/p>\t\t\t\t<\/div>\n\t\t\t\t<\/div>\n\t\t\t\t<\/div>\n\t\t\t\t<\/div>\n\t\t<\/div><div class=\"jet-listing-grid__item jet-listing-dynamic-post-10605 jet-equal-columns\" data-post-id=\"10605\"  >\t\t<div data-elementor-type=\"jet-listing-items\" data-elementor-id=\"10607\" class=\"elementor elementor-10607\" data-elementor-post-type=\"jet-engine\">\n\t\t\t\t<div data-ha-element-link=\"{&quot;url&quot;:&quot;https:\\\/\\\/sindilojasfor.org.br\\\/site\\\/wp-content\\\/uploads\\\/2021\\\/03\\\/Termo-de-Ajuste-de-Conduta-Sindilojas-2021.pdf&quot;,&quot;is_external&quot;:&quot;on&quot;,&quot;nofollow&quot;:&quot;&quot;}\" style=\"cursor: pointer\" class=\"elementor-element elementor-element-1b3f346 e-con-full e-flex e-con e-parent\" data-id=\"1b3f346\" data-element_type=\"container\" data-e-type=\"container\" data-settings=\"{&quot;background_background&quot;:&quot;classic&quot;}\">\n\t\t\t\t<div class=\"elementor-element elementor-element-2f5c5aa elementor-widget elementor-widget-heading\" data-id=\"2f5c5aa\" data-element_type=\"widget\" data-e-type=\"widget\" data-widget_type=\"heading.default\">\n\t\t\t\t<div class=\"elementor-widget-container\">\n\t\t\t\t\t<p class=\"elementor-heading-title elementor-size-default\">TERMO DE AJUSTAMENTO DE CONDUTA-TAC SINDILOJAS \u2013 01\/2021<\/p>\t\t\t\t<\/div>\n\t\t\t\t<\/div>\n\t\t\t\t<\/div>\n\t\t\t\t<\/div>\n\t\t<\/div><div class=\"jet-listing-grid__item jet-listing-dynamic-post-17416 jet-equal-columns\" data-post-id=\"17416\"  >\t\t<div data-elementor-type=\"jet-listing-items\" data-elementor-id=\"10607\" class=\"elementor elementor-10607\" data-elementor-post-type=\"jet-engine\">\n\t\t\t\t<div data-ha-element-link=\"{&quot;url&quot;:&quot;https:\\\/\\\/sindilojasfor.org.br\\\/site\\\/wp-content\\\/uploads\\\/2021\\\/02\\\/Termo-Aditivo-de-Convencao-Coletiva-2021-2022-SINDILOJAS.pdf&quot;,&quot;is_external&quot;:&quot;on&quot;,&quot;nofollow&quot;:&quot;&quot;}\" style=\"cursor: pointer\" class=\"elementor-element elementor-element-1b3f346 e-con-full e-flex e-con e-parent\" data-id=\"1b3f346\" data-element_type=\"container\" data-e-type=\"container\" data-settings=\"{&quot;background_background&quot;:&quot;classic&quot;}\">\n\t\t\t\t<div class=\"elementor-element elementor-element-2f5c5aa elementor-widget elementor-widget-heading\" data-id=\"2f5c5aa\" data-element_type=\"widget\" data-e-type=\"widget\" data-widget_type=\"heading.default\">\n\t\t\t\t<div class=\"elementor-widget-container\">\n\t\t\t\t\t<p class=\"elementor-heading-title elementor-size-default\">TERMO ADITIVO CONVEN\u00c7\u00c3O COLETIVA DE TRABALHO SINDILOJAS 2021-2022<\/p>\t\t\t\t<\/div>\n\t\t\t\t<\/div>\n\t\t\t\t<\/div>\n\t\t\t\t<\/div>\n\t\t<\/div><div class=\"jet-listing-grid__item jet-listing-dynamic-post-17417 jet-equal-columns\" data-post-id=\"17417\"  >\t\t<div data-elementor-type=\"jet-listing-items\" data-elementor-id=\"10607\" class=\"elementor elementor-10607\" data-elementor-post-type=\"jet-engine\">\n\t\t\t\t<div data-ha-element-link=\"{&quot;url&quot;:&quot;https:\\\/\\\/sindilojasfor.org.br\\\/site\\\/wp-content\\\/uploads\\\/2021\\\/02\\\/Termo-Aditivo-de-Convencao-Coletiva-2021-2022-SINDITINTAS.pdf&quot;,&quot;is_external&quot;:&quot;on&quot;,&quot;nofollow&quot;:&quot;&quot;}\" style=\"cursor: pointer\" class=\"elementor-element elementor-element-1b3f346 e-con-full e-flex e-con e-parent\" data-id=\"1b3f346\" data-element_type=\"container\" data-e-type=\"container\" data-settings=\"{&quot;background_background&quot;:&quot;classic&quot;}\">\n\t\t\t\t<div class=\"elementor-element elementor-element-2f5c5aa elementor-widget elementor-widget-heading\" data-id=\"2f5c5aa\" data-element_type=\"widget\" data-e-type=\"widget\" data-widget_type=\"heading.default\">\n\t\t\t\t<div class=\"elementor-widget-container\">\n\t\t\t\t\t<p class=\"elementor-heading-title elementor-size-default\">TERMO ADITIVO CONVEN\u00c7\u00c3O COLETIVA DE TRABALHO SINDITINTAS 2021-2022<\/p>\t\t\t\t<\/div>\n\t\t\t\t<\/div>\n\t\t\t\t<\/div>\n\t\t\t\t<\/div>\n\t\t<\/div><div class=\"jet-listing-grid__item jet-listing-dynamic-post-17418 jet-equal-columns\" data-post-id=\"17418\"  >\t\t<div data-elementor-type=\"jet-listing-items\" data-elementor-id=\"10607\" class=\"elementor elementor-10607\" data-elementor-post-type=\"jet-engine\">\n\t\t\t\t<div data-ha-element-link=\"{&quot;url&quot;:&quot;https:\\\/\\\/sindilojasfor.org.br\\\/site\\\/wp-content\\\/uploads\\\/2020\\\/12\\\/CCT-SINDILOJAS-2021-2022.pdf&quot;,&quot;is_external&quot;:&quot;on&quot;,&quot;nofollow&quot;:&quot;&quot;}\" style=\"cursor: pointer\" class=\"elementor-element elementor-element-1b3f346 e-con-full e-flex e-con e-parent\" data-id=\"1b3f346\" data-element_type=\"container\" data-e-type=\"container\" data-settings=\"{&quot;background_background&quot;:&quot;classic&quot;}\">\n\t\t\t\t<div class=\"elementor-element elementor-element-2f5c5aa elementor-widget elementor-widget-heading\" data-id=\"2f5c5aa\" data-element_type=\"widget\" data-e-type=\"widget\" data-widget_type=\"heading.default\">\n\t\t\t\t<div class=\"elementor-widget-container\">\n\t\t\t\t\t<p class=\"elementor-heading-title elementor-size-default\">CONVEN\u00c7\u00c3O COLETIVA DE TRABALHO SINDILOJAS 2021-2022<\/p>\t\t\t\t<\/div>\n\t\t\t\t<\/div>\n\t\t\t\t<\/div>\n\t\t\t\t<\/div>\n\t\t<\/div><div class=\"jet-listing-grid__item jet-listing-dynamic-post-17419 jet-equal-columns\" data-post-id=\"17419\"  >\t\t<div data-elementor-type=\"jet-listing-items\" data-elementor-id=\"10607\" class=\"elementor elementor-10607\" data-elementor-post-type=\"jet-engine\">\n\t\t\t\t<div data-ha-element-link=\"{&quot;url&quot;:&quot;https:\\\/\\\/sindilojasfor.org.br\\\/site\\\/wp-content\\\/uploads\\\/2020\\\/12\\\/CCT-SINDITINTAS-2021-2022.pdf&quot;,&quot;is_external&quot;:&quot;on&quot;,&quot;nofollow&quot;:&quot;&quot;}\" style=\"cursor: pointer\" class=\"elementor-element elementor-element-1b3f346 e-con-full e-flex e-con e-parent\" data-id=\"1b3f346\" data-element_type=\"container\" data-e-type=\"container\" data-settings=\"{&quot;background_background&quot;:&quot;classic&quot;}\">\n\t\t\t\t<div class=\"elementor-element elementor-element-2f5c5aa elementor-widget elementor-widget-heading\" data-id=\"2f5c5aa\" data-element_type=\"widget\" data-e-type=\"widget\" data-widget_type=\"heading.default\">\n\t\t\t\t<div class=\"elementor-widget-container\">\n\t\t\t\t\t<p class=\"elementor-heading-title elementor-size-default\">CONVEN\u00c7\u00c3O COLETIVA DE TRABALHO SINDITINTAS 2021-2022<\/p>\t\t\t\t<\/div>\n\t\t\t\t<\/div>\n\t\t\t\t<\/div>\n\t\t\t\t<\/div>\n\t\t<\/div><div class=\"jet-listing-grid__item jet-listing-dynamic-post-17420 jet-equal-columns\" data-post-id=\"17420\"  >\t\t<div data-elementor-type=\"jet-listing-items\" data-elementor-id=\"10607\" class=\"elementor elementor-10607\" data-elementor-post-type=\"jet-engine\">\n\t\t\t\t<div data-ha-element-link=\"{&quot;url&quot;:&quot;http:\\\/\\\/sindilojasfor.org.br\\\/site\\\/wp-content\\\/uploads\\\/2020\\\/09\\\/doc01500120200902130816.pdf&quot;,&quot;is_external&quot;:&quot;on&quot;,&quot;nofollow&quot;:&quot;&quot;}\" style=\"cursor: pointer\" class=\"elementor-element elementor-element-1b3f346 e-con-full e-flex e-con e-parent\" data-id=\"1b3f346\" data-element_type=\"container\" data-e-type=\"container\" data-settings=\"{&quot;background_background&quot;:&quot;classic&quot;}\">\n\t\t\t\t<div class=\"elementor-element elementor-element-2f5c5aa elementor-widget elementor-widget-heading\" data-id=\"2f5c5aa\" data-element_type=\"widget\" data-e-type=\"widget\" data-widget_type=\"heading.default\">\n\t\t\t\t<div class=\"elementor-widget-container\">\n\t\t\t\t\t<p class=\"elementor-heading-title elementor-size-default\">TERMO DE ACORDO SOBRE OS PR\u00d3XIMOS FERIADOS 2020 &#8211; SINDILOJAS<\/p>\t\t\t\t<\/div>\n\t\t\t\t<\/div>\n\t\t\t\t<\/div>\n\t\t\t\t<\/div>\n\t\t<\/div><div class=\"jet-listing-grid__item jet-listing-dynamic-post-17421 jet-equal-columns\" data-post-id=\"17421\"  >\t\t<div data-elementor-type=\"jet-listing-items\" data-elementor-id=\"10607\" class=\"elementor elementor-10607\" data-elementor-post-type=\"jet-engine\">\n\t\t\t\t<div data-ha-element-link=\"{&quot;url&quot;:&quot;http:\\\/\\\/sindilojasfor.org.br\\\/site\\\/wp-content\\\/uploads\\\/2020\\\/09\\\/doc01500220200902130836.pdf&quot;,&quot;is_external&quot;:&quot;on&quot;,&quot;nofollow&quot;:&quot;&quot;}\" style=\"cursor: pointer\" class=\"elementor-element elementor-element-1b3f346 e-con-full e-flex e-con e-parent\" data-id=\"1b3f346\" data-element_type=\"container\" data-e-type=\"container\" data-settings=\"{&quot;background_background&quot;:&quot;classic&quot;}\">\n\t\t\t\t<div class=\"elementor-element elementor-element-2f5c5aa elementor-widget elementor-widget-heading\" data-id=\"2f5c5aa\" data-element_type=\"widget\" data-e-type=\"widget\" data-widget_type=\"heading.default\">\n\t\t\t\t<div class=\"elementor-widget-container\">\n\t\t\t\t\t<p class=\"elementor-heading-title elementor-size-default\">TERMO DE ACORDO SOBRE OS PR\u00d3XIMOS FERIADOS 2020 &#8211; SINDIMAC<\/p>\t\t\t\t<\/div>\n\t\t\t\t<\/div>\n\t\t\t\t<\/div>\n\t\t\t\t<\/div>\n\t\t<\/div><div class=\"jet-listing-grid__item jet-listing-dynamic-post-17422 jet-equal-columns\" data-post-id=\"17422\"  >\t\t<div data-elementor-type=\"jet-listing-items\" data-elementor-id=\"10607\" class=\"elementor elementor-10607\" data-elementor-post-type=\"jet-engine\">\n\t\t\t\t<div data-ha-element-link=\"{&quot;url&quot;:&quot;http:\\\/\\\/sindilojasfor.org.br\\\/site\\\/wp-content\\\/uploads\\\/2016\\\/12\\\/TERMO-DE-AJUSTAMENTO-DE-CONDUTA-SINDILOJAS-02-2020.pdf&quot;,&quot;is_external&quot;:&quot;on&quot;,&quot;nofollow&quot;:&quot;&quot;}\" style=\"cursor: pointer\" class=\"elementor-element elementor-element-1b3f346 e-con-full e-flex e-con e-parent\" data-id=\"1b3f346\" data-element_type=\"container\" data-e-type=\"container\" data-settings=\"{&quot;background_background&quot;:&quot;classic&quot;}\">\n\t\t\t\t<div class=\"elementor-element elementor-element-2f5c5aa elementor-widget elementor-widget-heading\" data-id=\"2f5c5aa\" data-element_type=\"widget\" data-e-type=\"widget\" data-widget_type=\"heading.default\">\n\t\t\t\t<div class=\"elementor-widget-container\">\n\t\t\t\t\t<p class=\"elementor-heading-title elementor-size-default\">TERMO DE AJUSTAMENTO DE CONDUTA SINDILOJAS &#8211; 02-2020<\/p>\t\t\t\t<\/div>\n\t\t\t\t<\/div>\n\t\t\t\t<\/div>\n\t\t\t\t<\/div>\n\t\t<\/div><div class=\"jet-listing-grid__item jet-listing-dynamic-post-17423 jet-equal-columns\" data-post-id=\"17423\"  >\t\t<div data-elementor-type=\"jet-listing-items\" data-elementor-id=\"10607\" class=\"elementor elementor-10607\" data-elementor-post-type=\"jet-engine\">\n\t\t\t\t<div data-ha-element-link=\"{&quot;url&quot;:&quot;http:\\\/\\\/sindilojasfor.org.br\\\/site\\\/wp-content\\\/uploads\\\/2016\\\/12\\\/TERMO-DE-AJUSTAMENTO-DE-CONDUTA-SINDIMAC-02-2020.pdf&quot;,&quot;is_external&quot;:&quot;on&quot;,&quot;nofollow&quot;:&quot;&quot;}\" style=\"cursor: pointer\" class=\"elementor-element elementor-element-1b3f346 e-con-full e-flex e-con e-parent\" data-id=\"1b3f346\" data-element_type=\"container\" data-e-type=\"container\" data-settings=\"{&quot;background_background&quot;:&quot;classic&quot;}\">\n\t\t\t\t<div class=\"elementor-element elementor-element-2f5c5aa elementor-widget elementor-widget-heading\" data-id=\"2f5c5aa\" data-element_type=\"widget\" data-e-type=\"widget\" data-widget_type=\"heading.default\">\n\t\t\t\t<div class=\"elementor-widget-container\">\n\t\t\t\t\t<p class=\"elementor-heading-title elementor-size-default\">TERMO DE AJUSTAMENTO DE CONDUTA SINDIMAC &#8211; 02-2020<\/p>\t\t\t\t<\/div>\n\t\t\t\t<\/div>\n\t\t\t\t<\/div>\n\t\t\t\t<\/div>\n\t\t<\/div><div class=\"jet-listing-grid__item jet-listing-dynamic-post-17424 jet-equal-columns\" data-post-id=\"17424\"  >\t\t<div data-elementor-type=\"jet-listing-items\" data-elementor-id=\"10607\" class=\"elementor elementor-10607\" data-elementor-post-type=\"jet-engine\">\n\t\t\t\t<div data-ha-element-link=\"{&quot;url&quot;:&quot;http:\\\/\\\/sindilojasfor.org.br\\\/site\\\/wp-content\\\/uploads\\\/2016\\\/12\\\/TERMO-DE-AJUSTAMENTO-DE-CONDUTA-SINDILOJAS.pdf&quot;,&quot;is_external&quot;:&quot;on&quot;,&quot;nofollow&quot;:&quot;&quot;}\" style=\"cursor: pointer\" class=\"elementor-element elementor-element-1b3f346 e-con-full e-flex e-con e-parent\" data-id=\"1b3f346\" data-element_type=\"container\" data-e-type=\"container\" data-settings=\"{&quot;background_background&quot;:&quot;classic&quot;}\">\n\t\t\t\t<div class=\"elementor-element elementor-element-2f5c5aa elementor-widget elementor-widget-heading\" data-id=\"2f5c5aa\" data-element_type=\"widget\" data-e-type=\"widget\" data-widget_type=\"heading.default\">\n\t\t\t\t<div class=\"elementor-widget-container\">\n\t\t\t\t\t<p class=\"elementor-heading-title elementor-size-default\">TERMO DE AJUSTAMENTO DE CONDUTA SINDILOJAS &#8211; 01\/2020\u2028<\/p>\t\t\t\t<\/div>\n\t\t\t\t<\/div>\n\t\t\t\t<\/div>\n\t\t\t\t<\/div>\n\t\t<\/div><div class=\"jet-listing-grid__item jet-listing-dynamic-post-17425 jet-equal-columns\" data-post-id=\"17425\"  >\t\t<div data-elementor-type=\"jet-listing-items\" data-elementor-id=\"10607\" class=\"elementor elementor-10607\" data-elementor-post-type=\"jet-engine\">\n\t\t\t\t<div data-ha-element-link=\"{&quot;url&quot;:&quot;http:\\\/\\\/sindilojasfor.org.br\\\/site\\\/wp-content\\\/uploads\\\/2016\\\/12\\\/TERMO-DE-AJUSTAMENTO-DE-CONDUTA-SINDIMAC.pdf&quot;,&quot;is_external&quot;:&quot;on&quot;,&quot;nofollow&quot;:&quot;&quot;}\" style=\"cursor: pointer\" class=\"elementor-element elementor-element-1b3f346 e-con-full e-flex e-con e-parent\" data-id=\"1b3f346\" data-element_type=\"container\" data-e-type=\"container\" data-settings=\"{&quot;background_background&quot;:&quot;classic&quot;}\">\n\t\t\t\t<div class=\"elementor-element elementor-element-2f5c5aa elementor-widget elementor-widget-heading\" data-id=\"2f5c5aa\" data-element_type=\"widget\" data-e-type=\"widget\" data-widget_type=\"heading.default\">\n\t\t\t\t<div class=\"elementor-widget-container\">\n\t\t\t\t\t<p class=\"elementor-heading-title elementor-size-default\">TERMO DE AJUSTAMENTO DE CONDUTA SINDIMAC &#8211; 01\/2020\u2028<\/p>\t\t\t\t<\/div>\n\t\t\t\t<\/div>\n\t\t\t\t<\/div>\n\t\t\t\t<\/div>\n\t\t<\/div><div class=\"jet-listing-grid__item jet-listing-dynamic-post-17426 jet-equal-columns\" data-post-id=\"17426\"  >\t\t<div data-elementor-type=\"jet-listing-items\" data-elementor-id=\"10607\" class=\"elementor elementor-10607\" data-elementor-post-type=\"jet-engine\">\n\t\t\t\t<div data-ha-element-link=\"{&quot;url&quot;:&quot;http:\\\/\\\/sindilojasfor.org.br\\\/site\\\/wp-content\\\/uploads\\\/2016\\\/12\\\/Termo-Aditivo-de-Conven\\u00e7\\u00e3o-Coletiva-SINDILOJAS-2020.pdf&quot;,&quot;is_external&quot;:&quot;on&quot;,&quot;nofollow&quot;:&quot;&quot;}\" style=\"cursor: pointer\" class=\"elementor-element elementor-element-1b3f346 e-con-full e-flex e-con e-parent\" data-id=\"1b3f346\" data-element_type=\"container\" data-e-type=\"container\" data-settings=\"{&quot;background_background&quot;:&quot;classic&quot;}\">\n\t\t\t\t<div class=\"elementor-element elementor-element-2f5c5aa elementor-widget elementor-widget-heading\" data-id=\"2f5c5aa\" data-element_type=\"widget\" data-e-type=\"widget\" data-widget_type=\"heading.default\">\n\t\t\t\t<div class=\"elementor-widget-container\">\n\t\t\t\t\t<p class=\"elementor-heading-title elementor-size-default\">TERMO ADITIVO DE CONVEN\u00c7\u00c3O COLETIVA SINDILOJAS 2020\u2028<\/p>\t\t\t\t<\/div>\n\t\t\t\t<\/div>\n\t\t\t\t<\/div>\n\t\t\t\t<\/div>\n\t\t<\/div><div class=\"jet-listing-grid__item jet-listing-dynamic-post-17427 jet-equal-columns\" data-post-id=\"17427\"  >\t\t<div data-elementor-type=\"jet-listing-items\" data-elementor-id=\"10607\" class=\"elementor elementor-10607\" data-elementor-post-type=\"jet-engine\">\n\t\t\t\t<div data-ha-element-link=\"{&quot;url&quot;:&quot;http:\\\/\\\/sindilojasfor.org.br\\\/site\\\/wp-content\\\/uploads\\\/2016\\\/12\\\/Termo-Aditivo-de-Conven\\u00e7\\u00e3o-Coletiva-SINDITINTAS-2020.pdf&quot;,&quot;is_external&quot;:&quot;on&quot;,&quot;nofollow&quot;:&quot;&quot;}\" style=\"cursor: pointer\" class=\"elementor-element elementor-element-1b3f346 e-con-full e-flex e-con e-parent\" data-id=\"1b3f346\" data-element_type=\"container\" data-e-type=\"container\" data-settings=\"{&quot;background_background&quot;:&quot;classic&quot;}\">\n\t\t\t\t<div class=\"elementor-element elementor-element-2f5c5aa elementor-widget elementor-widget-heading\" data-id=\"2f5c5aa\" data-element_type=\"widget\" data-e-type=\"widget\" data-widget_type=\"heading.default\">\n\t\t\t\t<div class=\"elementor-widget-container\">\n\t\t\t\t\t<p class=\"elementor-heading-title elementor-size-default\">TERMO ADITIVO DE CONVEN\u00c7\u00c3O COLETIVA SINDITINTAS 2020\u2028<\/p>\t\t\t\t<\/div>\n\t\t\t\t<\/div>\n\t\t\t\t<\/div>\n\t\t\t\t<\/div>\n\t\t<\/div><div class=\"jet-listing-grid__item jet-listing-dynamic-post-17428 jet-equal-columns\" data-post-id=\"17428\"  >\t\t<div data-elementor-type=\"jet-listing-items\" data-elementor-id=\"10607\" class=\"elementor elementor-10607\" data-elementor-post-type=\"jet-engine\">\n\t\t\t\t<div data-ha-element-link=\"{&quot;url&quot;:&quot;http:\\\/\\\/sindilojasfor.org.br\\\/site\\\/wp-content\\\/uploads\\\/2016\\\/12\\\/Termo-Aditivo-de-Conven\\u00e7\\u00e3o-Coletiva-SINDILOJAS-2019.pdf&quot;,&quot;is_external&quot;:&quot;on&quot;,&quot;nofollow&quot;:&quot;&quot;}\" style=\"cursor: pointer\" class=\"elementor-element elementor-element-1b3f346 e-con-full e-flex e-con e-parent\" data-id=\"1b3f346\" data-element_type=\"container\" data-e-type=\"container\" data-settings=\"{&quot;background_background&quot;:&quot;classic&quot;}\">\n\t\t\t\t<div class=\"elementor-element elementor-element-2f5c5aa elementor-widget elementor-widget-heading\" data-id=\"2f5c5aa\" data-element_type=\"widget\" data-e-type=\"widget\" data-widget_type=\"heading.default\">\n\t\t\t\t<div class=\"elementor-widget-container\">\n\t\t\t\t\t<p class=\"elementor-heading-title elementor-size-default\">TERMO ADITIVO DE CONVEN\u00c7\u00c3O COLETIVA SINDILOJAS 2019\u2028<\/p>\t\t\t\t<\/div>\n\t\t\t\t<\/div>\n\t\t\t\t<\/div>\n\t\t\t\t<\/div>\n\t\t<\/div><div class=\"jet-listing-grid__item jet-listing-dynamic-post-17429 jet-equal-columns\" data-post-id=\"17429\"  >\t\t<div data-elementor-type=\"jet-listing-items\" data-elementor-id=\"10607\" class=\"elementor elementor-10607\" data-elementor-post-type=\"jet-engine\">\n\t\t\t\t<div data-ha-element-link=\"{&quot;url&quot;:&quot;http:\\\/\\\/sindilojasfor.org.br\\\/site\\\/wp-content\\\/uploads\\\/2016\\\/12\\\/Termo-Aditivo-de-Conven\\u00e7\\u00e3o-Coletiva-SINDITINTAS-2019.pdf&quot;,&quot;is_external&quot;:&quot;on&quot;,&quot;nofollow&quot;:&quot;&quot;}\" style=\"cursor: pointer\" class=\"elementor-element elementor-element-1b3f346 e-con-full e-flex e-con e-parent\" data-id=\"1b3f346\" data-element_type=\"container\" data-e-type=\"container\" data-settings=\"{&quot;background_background&quot;:&quot;classic&quot;}\">\n\t\t\t\t<div class=\"elementor-element elementor-element-2f5c5aa elementor-widget elementor-widget-heading\" data-id=\"2f5c5aa\" data-element_type=\"widget\" data-e-type=\"widget\" data-widget_type=\"heading.default\">\n\t\t\t\t<div class=\"elementor-widget-container\">\n\t\t\t\t\t<p class=\"elementor-heading-title elementor-size-default\">TERMO ADITIVO DE CONVEN\u00c7\u00c3O COLETIVA SINDITINTAS 2019\u2028<\/p>\t\t\t\t<\/div>\n\t\t\t\t<\/div>\n\t\t\t\t<\/div>\n\t\t\t\t<\/div>\n\t\t<\/div><div class=\"jet-listing-grid__item jet-listing-dynamic-post-17430 jet-equal-columns\" data-post-id=\"17430\"  >\t\t<div data-elementor-type=\"jet-listing-items\" data-elementor-id=\"10607\" class=\"elementor elementor-10607\" data-elementor-post-type=\"jet-engine\">\n\t\t\t\t<div data-ha-element-link=\"{&quot;url&quot;:&quot;http:\\\/\\\/sindilojasfor.org.br\\\/site\\\/wp-content\\\/uploads\\\/2016\\\/12\\\/Termo-aditivo-a-Conven\\u00e7\\u00e3o-Coletiva-de-Trabalho-2019-2020.pdf&quot;,&quot;is_external&quot;:&quot;on&quot;,&quot;nofollow&quot;:&quot;&quot;}\" style=\"cursor: pointer\" class=\"elementor-element elementor-element-1b3f346 e-con-full e-flex e-con e-parent\" data-id=\"1b3f346\" data-element_type=\"container\" data-e-type=\"container\" data-settings=\"{&quot;background_background&quot;:&quot;classic&quot;}\">\n\t\t\t\t<div class=\"elementor-element elementor-element-2f5c5aa elementor-widget elementor-widget-heading\" data-id=\"2f5c5aa\" data-element_type=\"widget\" data-e-type=\"widget\" data-widget_type=\"heading.default\">\n\t\t\t\t<div class=\"elementor-widget-container\">\n\t\t\t\t\t<p class=\"elementor-heading-title elementor-size-default\">TERMO ADITIVO A CONVEN\u00c7\u00c3O COLETIVA DE TRABALHO 2019-2020\u2028<\/p>\t\t\t\t<\/div>\n\t\t\t\t<\/div>\n\t\t\t\t<\/div>\n\t\t\t\t<\/div>\n\t\t<\/div><div class=\"jet-listing-grid__item jet-listing-dynamic-post-17431 jet-equal-columns\" data-post-id=\"17431\"  >\t\t<div data-elementor-type=\"jet-listing-items\" data-elementor-id=\"10607\" class=\"elementor elementor-10607\" data-elementor-post-type=\"jet-engine\">\n\t\t\t\t<div data-ha-element-link=\"{&quot;url&quot;:&quot;http:\\\/\\\/sindilojasfor.org.br\\\/site\\\/wp-content\\\/uploads\\\/2016\\\/12\\\/CCT-SINDILOJAS-2019-2020-REGISTRADA.pdf&quot;,&quot;is_external&quot;:&quot;on&quot;,&quot;nofollow&quot;:&quot;&quot;}\" style=\"cursor: pointer\" class=\"elementor-element elementor-element-1b3f346 e-con-full e-flex e-con e-parent\" data-id=\"1b3f346\" data-element_type=\"container\" data-e-type=\"container\" data-settings=\"{&quot;background_background&quot;:&quot;classic&quot;}\">\n\t\t\t\t<div class=\"elementor-element elementor-element-2f5c5aa elementor-widget elementor-widget-heading\" data-id=\"2f5c5aa\" data-element_type=\"widget\" data-e-type=\"widget\" data-widget_type=\"heading.default\">\n\t\t\t\t<div class=\"elementor-widget-container\">\n\t\t\t\t\t<p class=\"elementor-heading-title elementor-size-default\">CONVEN\u00c7\u00c3O COLETIVA 2019\/2020 (SINDILOJAS)\u2028<\/p>\t\t\t\t<\/div>\n\t\t\t\t<\/div>\n\t\t\t\t<\/div>\n\t\t\t\t<\/div>\n\t\t<\/div><div class=\"jet-listing-grid__item jet-listing-dynamic-post-17432 jet-equal-columns\" data-post-id=\"17432\"  >\t\t<div data-elementor-type=\"jet-listing-items\" data-elementor-id=\"10607\" class=\"elementor elementor-10607\" data-elementor-post-type=\"jet-engine\">\n\t\t\t\t<div data-ha-element-link=\"{&quot;url&quot;:&quot;http:\\\/\\\/sindilojasfor.org.br\\\/site\\\/wp-content\\\/uploads\\\/2016\\\/12\\\/CCT-SINDITINTAS-2019-2020-REGISTRADA.pdf&quot;,&quot;is_external&quot;:&quot;on&quot;,&quot;nofollow&quot;:&quot;&quot;}\" style=\"cursor: pointer\" class=\"elementor-element elementor-element-1b3f346 e-con-full e-flex e-con e-parent\" data-id=\"1b3f346\" data-element_type=\"container\" data-e-type=\"container\" data-settings=\"{&quot;background_background&quot;:&quot;classic&quot;}\">\n\t\t\t\t<div class=\"elementor-element elementor-element-2f5c5aa elementor-widget elementor-widget-heading\" data-id=\"2f5c5aa\" data-element_type=\"widget\" data-e-type=\"widget\" data-widget_type=\"heading.default\">\n\t\t\t\t<div class=\"elementor-widget-container\">\n\t\t\t\t\t<p class=\"elementor-heading-title elementor-size-default\">CONVEN\u00c7\u00c3O COLETIVA 2019\/2020 (SINDITINTAS)\u2028<\/p>\t\t\t\t<\/div>\n\t\t\t\t<\/div>\n\t\t\t\t<\/div>\n\t\t\t\t<\/div>\n\t\t<\/div><div class=\"jet-listing-grid__item jet-listing-dynamic-post-17433 jet-equal-columns\" data-post-id=\"17433\"  >\t\t<div data-elementor-type=\"jet-listing-items\" data-elementor-id=\"10607\" class=\"elementor elementor-10607\" data-elementor-post-type=\"jet-engine\">\n\t\t\t\t<div data-ha-element-link=\"{&quot;url&quot;:&quot;http:\\\/\\\/sindilojasfor.org.br\\\/site\\\/wp-content\\\/uploads\\\/2016\\\/12\\\/Conven\\u00e7\\u00e3o-Coletiva-2018-Homologada.pdf&quot;,&quot;is_external&quot;:&quot;on&quot;,&quot;nofollow&quot;:&quot;&quot;}\" style=\"cursor: pointer\" class=\"elementor-element elementor-element-1b3f346 e-con-full e-flex e-con e-parent\" data-id=\"1b3f346\" data-element_type=\"container\" data-e-type=\"container\" data-settings=\"{&quot;background_background&quot;:&quot;classic&quot;}\">\n\t\t\t\t<div class=\"elementor-element elementor-element-2f5c5aa elementor-widget elementor-widget-heading\" data-id=\"2f5c5aa\" data-element_type=\"widget\" data-e-type=\"widget\" data-widget_type=\"heading.default\">\n\t\t\t\t<div class=\"elementor-widget-container\">\n\t\t\t\t\t<p class=\"elementor-heading-title elementor-size-default\">CONVEN\u00c7\u00c3O COLETIVA 2018\u2028<\/p>\t\t\t\t<\/div>\n\t\t\t\t<\/div>\n\t\t\t\t<\/div>\n\t\t\t\t<\/div>\n\t\t<\/div><div class=\"jet-listing-grid__item jet-listing-dynamic-post-17434 jet-equal-columns\" data-post-id=\"17434\"  >\t\t<div data-elementor-type=\"jet-listing-items\" data-elementor-id=\"10607\" class=\"elementor elementor-10607\" data-elementor-post-type=\"jet-engine\">\n\t\t\t\t<div data-ha-element-link=\"{&quot;url&quot;:&quot;http:\\\/\\\/sindilojasfor.org.br\\\/site\\\/wp-content\\\/uploads\\\/2016\\\/12\\\/CONVEN\\u00c7\\u00c3O-COLETIVA-DE-TRABALHO-2017-SINDILOJAS.pdf&quot;,&quot;is_external&quot;:&quot;on&quot;,&quot;nofollow&quot;:&quot;&quot;}\" style=\"cursor: pointer\" class=\"elementor-element elementor-element-1b3f346 e-con-full e-flex e-con e-parent\" data-id=\"1b3f346\" data-element_type=\"container\" data-e-type=\"container\" data-settings=\"{&quot;background_background&quot;:&quot;classic&quot;}\">\n\t\t\t\t<div class=\"elementor-element elementor-element-2f5c5aa elementor-widget elementor-widget-heading\" data-id=\"2f5c5aa\" data-element_type=\"widget\" data-e-type=\"widget\" data-widget_type=\"heading.default\">\n\t\t\t\t<div class=\"elementor-widget-container\">\n\t\t\t\t\t<p class=\"elementor-heading-title elementor-size-default\">CONVEN\u00c7\u00c3O COLETIVA 2017\u2028<\/p>\t\t\t\t<\/div>\n\t\t\t\t<\/div>\n\t\t\t\t<\/div>\n\t\t\t\t<\/div>\n\t\t<\/div><div class=\"jet-listing-grid__item jet-listing-dynamic-post-17436 jet-equal-columns\" data-post-id=\"17436\"  >\t\t<div data-elementor-type=\"jet-listing-items\" data-elementor-id=\"10607\" class=\"elementor elementor-10607\" data-elementor-post-type=\"jet-engine\">\n\t\t\t\t<div data-ha-element-link=\"{&quot;url&quot;:&quot;http:\\\/\\\/sindilojasfor.org.br\\\/site\\\/wp-content\\\/uploads\\\/2016\\\/12\\\/CCT2016.pdf&quot;,&quot;is_external&quot;:&quot;on&quot;,&quot;nofollow&quot;:&quot;&quot;}\" style=\"cursor: pointer\" class=\"elementor-element elementor-element-1b3f346 e-con-full e-flex e-con e-parent\" data-id=\"1b3f346\" data-element_type=\"container\" data-e-type=\"container\" data-settings=\"{&quot;background_background&quot;:&quot;classic&quot;}\">\n\t\t\t\t<div class=\"elementor-element elementor-element-2f5c5aa elementor-widget elementor-widget-heading\" data-id=\"2f5c5aa\" data-element_type=\"widget\" data-e-type=\"widget\" data-widget_type=\"heading.default\">\n\t\t\t\t<div class=\"elementor-widget-container\">\n\t\t\t\t\t<p class=\"elementor-heading-title elementor-size-default\">CONVEN\u00c7\u00c3O COLETIVA 2016\u2028<\/p>\t\t\t\t<\/div>\n\t\t\t\t<\/div>\n\t\t\t\t<\/div>\n\t\t\t\t<\/div>\n\t\t<\/div><div class=\"jet-listing-grid__item jet-listing-dynamic-post-17437 jet-equal-columns\" data-post-id=\"17437\"  >\t\t<div data-elementor-type=\"jet-listing-items\" data-elementor-id=\"10607\" class=\"elementor elementor-10607\" data-elementor-post-type=\"jet-engine\">\n\t\t\t\t<div data-ha-element-link=\"{&quot;url&quot;:&quot;https:\\\/\\\/sindilojasfor.org.br\\\/site\\\/wp-content\\\/uploads\\\/2016\\\/12\\\/CCT2015.pdf&quot;,&quot;is_external&quot;:&quot;on&quot;,&quot;nofollow&quot;:&quot;&quot;}\" style=\"cursor: pointer\" class=\"elementor-element elementor-element-1b3f346 e-con-full e-flex e-con e-parent\" data-id=\"1b3f346\" data-element_type=\"container\" data-e-type=\"container\" data-settings=\"{&quot;background_background&quot;:&quot;classic&quot;}\">\n\t\t\t\t<div class=\"elementor-element elementor-element-2f5c5aa elementor-widget elementor-widget-heading\" data-id=\"2f5c5aa\" data-element_type=\"widget\" data-e-type=\"widget\" data-widget_type=\"heading.default\">\n\t\t\t\t<div class=\"elementor-widget-container\">\n\t\t\t\t\t<p class=\"elementor-heading-title elementor-size-default\">CONVEN\u00c7AO COLETIVA 2015\u2028<\/p>\t\t\t\t<\/div>\n\t\t\t\t<\/div>\n\t\t\t\t<\/div>\n\t\t\t\t<\/div>\n\t\t<\/div><div class=\"jet-listing-grid__item jet-listing-dynamic-post-17439 jet-equal-columns\" data-post-id=\"17439\"  >\t\t<div data-elementor-type=\"jet-listing-items\" data-elementor-id=\"10607\" class=\"elementor elementor-10607\" data-elementor-post-type=\"jet-engine\">\n\t\t\t\t<div data-ha-element-link=\"{&quot;url&quot;:&quot;https:\\\/\\\/sindilojasfor.org.br\\\/site\\\/wp-content\\\/uploads\\\/2016\\\/12\\\/CCT2014.pdf&quot;,&quot;is_external&quot;:&quot;on&quot;,&quot;nofollow&quot;:&quot;&quot;}\" style=\"cursor: pointer\" class=\"elementor-element elementor-element-1b3f346 e-con-full e-flex e-con e-parent\" data-id=\"1b3f346\" data-element_type=\"container\" data-e-type=\"container\" data-settings=\"{&quot;background_background&quot;:&quot;classic&quot;}\">\n\t\t\t\t<div class=\"elementor-element elementor-element-2f5c5aa elementor-widget elementor-widget-heading\" data-id=\"2f5c5aa\" data-element_type=\"widget\" data-e-type=\"widget\" data-widget_type=\"heading.default\">\n\t\t\t\t<div class=\"elementor-widget-container\">\n\t\t\t\t\t<p class=\"elementor-heading-title elementor-size-default\">CONVEN\u00c7\u00c3O COLETIVA 2014\u2028<\/p>\t\t\t\t<\/div>\n\t\t\t\t<\/div>\n\t\t\t\t<\/div>\n\t\t\t\t<\/div>\n\t\t<\/div><div class=\"jet-listing-grid__item jet-listing-dynamic-post-17440 jet-equal-columns\" data-post-id=\"17440\"  >\t\t<div data-elementor-type=\"jet-listing-items\" data-elementor-id=\"10607\" class=\"elementor elementor-10607\" data-elementor-post-type=\"jet-engine\">\n\t\t\t\t<div data-ha-element-link=\"{&quot;url&quot;:&quot;https:\\\/\\\/sindilojasfor.org.br\\\/site\\\/wp-content\\\/uploads\\\/2016\\\/12\\\/CCT2013.pdf&quot;,&quot;is_external&quot;:&quot;on&quot;,&quot;nofollow&quot;:&quot;&quot;}\" style=\"cursor: pointer\" class=\"elementor-element elementor-element-1b3f346 e-con-full e-flex e-con e-parent\" data-id=\"1b3f346\" data-element_type=\"container\" data-e-type=\"container\" data-settings=\"{&quot;background_background&quot;:&quot;classic&quot;}\">\n\t\t\t\t<div class=\"elementor-element elementor-element-2f5c5aa elementor-widget elementor-widget-heading\" data-id=\"2f5c5aa\" data-element_type=\"widget\" data-e-type=\"widget\" data-widget_type=\"heading.default\">\n\t\t\t\t<div class=\"elementor-widget-container\">\n\t\t\t\t\t<p class=\"elementor-heading-title elementor-size-default\">CONVEN\u00c7\u00c3O COLETIVA 2013\u2028<\/p>\t\t\t\t<\/div>\n\t\t\t\t<\/div>\n\t\t\t\t<\/div>\n\t\t\t\t<\/div>\n\t\t<\/div><div class=\"jet-listing-grid__item jet-listing-dynamic-post-17441 jet-equal-columns\" data-post-id=\"17441\"  >\t\t<div data-elementor-type=\"jet-listing-items\" data-elementor-id=\"10607\" class=\"elementor elementor-10607\" data-elementor-post-type=\"jet-engine\">\n\t\t\t\t<div data-ha-element-link=\"{&quot;url&quot;:&quot;https:\\\/\\\/sindilojasfor.org.br\\\/site\\\/wp-content\\\/uploads\\\/2016\\\/12\\\/CCT2012.pdf&quot;,&quot;is_external&quot;:&quot;on&quot;,&quot;nofollow&quot;:&quot;&quot;}\" style=\"cursor: pointer\" class=\"elementor-element elementor-element-1b3f346 e-con-full e-flex e-con e-parent\" data-id=\"1b3f346\" data-element_type=\"container\" data-e-type=\"container\" data-settings=\"{&quot;background_background&quot;:&quot;classic&quot;}\">\n\t\t\t\t<div class=\"elementor-element elementor-element-2f5c5aa elementor-widget elementor-widget-heading\" data-id=\"2f5c5aa\" data-element_type=\"widget\" data-e-type=\"widget\" data-widget_type=\"heading.default\">\n\t\t\t\t<div class=\"elementor-widget-container\">\n\t\t\t\t\t<p class=\"elementor-heading-title elementor-size-default\">CONVEN\u00c7\u00c3O COLETIVA 2012\u2028<\/p>\t\t\t\t<\/div>\n\t\t\t\t<\/div>\n\t\t\t\t<\/div>\n\t\t\t\t<\/div>\n\t\t<\/div><div class=\"jet-listing-grid__item jet-listing-dynamic-post-17442 jet-equal-columns\" data-post-id=\"17442\"  >\t\t<div data-elementor-type=\"jet-listing-items\" data-elementor-id=\"10607\" class=\"elementor elementor-10607\" data-elementor-post-type=\"jet-engine\">\n\t\t\t\t<div data-ha-element-link=\"{&quot;url&quot;:&quot;https:\\\/\\\/sindilojasfor.org.br\\\/site\\\/wp-content\\\/uploads\\\/2016\\\/12\\\/CCT2011.pdf&quot;,&quot;is_external&quot;:&quot;on&quot;,&quot;nofollow&quot;:&quot;&quot;}\" style=\"cursor: pointer\" class=\"elementor-element elementor-element-1b3f346 e-con-full e-flex e-con e-parent\" data-id=\"1b3f346\" data-element_type=\"container\" data-e-type=\"container\" data-settings=\"{&quot;background_background&quot;:&quot;classic&quot;}\">\n\t\t\t\t<div class=\"elementor-element elementor-element-2f5c5aa elementor-widget elementor-widget-heading\" data-id=\"2f5c5aa\" data-element_type=\"widget\" data-e-type=\"widget\" data-widget_type=\"heading.default\">\n\t\t\t\t<div class=\"elementor-widget-container\">\n\t\t\t\t\t<p class=\"elementor-heading-title elementor-size-default\">CONVEN\u00c7\u00c3O COLETIVA 2011\u2028<\/p>\t\t\t\t<\/div>\n\t\t\t\t<\/div>\n\t\t\t\t<\/div>\n\t\t\t\t<\/div>\n\t\t<\/div><div class=\"jet-listing-grid__item jet-listing-dynamic-post-17443 jet-equal-columns\" data-post-id=\"17443\"  >\t\t<div data-elementor-type=\"jet-listing-items\" data-elementor-id=\"10607\" class=\"elementor elementor-10607\" data-elementor-post-type=\"jet-engine\">\n\t\t\t\t<div data-ha-element-link=\"{&quot;url&quot;:&quot;https:\\\/\\\/sindilojasfor.org.br\\\/site\\\/wp-content\\\/uploads\\\/2016\\\/12\\\/CCT2010.pdf&quot;,&quot;is_external&quot;:&quot;on&quot;,&quot;nofollow&quot;:&quot;&quot;}\" style=\"cursor: pointer\" class=\"elementor-element elementor-element-1b3f346 e-con-full e-flex e-con e-parent\" data-id=\"1b3f346\" data-element_type=\"container\" data-e-type=\"container\" data-settings=\"{&quot;background_background&quot;:&quot;classic&quot;}\">\n\t\t\t\t<div class=\"elementor-element elementor-element-2f5c5aa elementor-widget elementor-widget-heading\" data-id=\"2f5c5aa\" data-element_type=\"widget\" data-e-type=\"widget\" data-widget_type=\"heading.default\">\n\t\t\t\t<div class=\"elementor-widget-container\">\n\t\t\t\t\t<p class=\"elementor-heading-title elementor-size-default\">CONVEN\u00c7\u00c3O COLETIVA 2010\u2028<\/p>\t\t\t\t<\/div>\n\t\t\t\t<\/div>\n\t\t\t\t<\/div>\n\t\t\t\t<\/div>\n\t\t<\/div><div class=\"jet-listing-grid__item jet-listing-dynamic-post-17444 jet-equal-columns\" data-post-id=\"17444\"  >\t\t<div data-elementor-type=\"jet-listing-items\" data-elementor-id=\"10607\" class=\"elementor elementor-10607\" data-elementor-post-type=\"jet-engine\">\n\t\t\t\t<div data-ha-element-link=\"{&quot;url&quot;:&quot;https:\\\/\\\/sindilojasfor.org.br\\\/site\\\/wp-content\\\/uploads\\\/2016\\\/12\\\/CCT2009.pdf&quot;,&quot;is_external&quot;:&quot;on&quot;,&quot;nofollow&quot;:&quot;&quot;}\" style=\"cursor: pointer\" class=\"elementor-element elementor-element-1b3f346 e-con-full e-flex e-con e-parent\" data-id=\"1b3f346\" data-element_type=\"container\" data-e-type=\"container\" data-settings=\"{&quot;background_background&quot;:&quot;classic&quot;}\">\n\t\t\t\t<div class=\"elementor-element elementor-element-2f5c5aa elementor-widget elementor-widget-heading\" data-id=\"2f5c5aa\" data-element_type=\"widget\" data-e-type=\"widget\" data-widget_type=\"heading.default\">\n\t\t\t\t<div class=\"elementor-widget-container\">\n\t\t\t\t\t<p class=\"elementor-heading-title elementor-size-default\">CONVEN\u00c7\u00c3O COLETIVA 2009\u2028<\/p>\t\t\t\t<\/div>\n\t\t\t\t<\/div>\n\t\t\t\t<\/div>\n\t\t\t\t<\/div>\n\t\t<\/div><div class=\"jet-listing-grid__item jet-listing-dynamic-post-17445 jet-equal-columns\" data-post-id=\"17445\"  >\t\t<div data-elementor-type=\"jet-listing-items\" data-elementor-id=\"10607\" class=\"elementor elementor-10607\" data-elementor-post-type=\"jet-engine\">\n\t\t\t\t<div data-ha-element-link=\"{&quot;url&quot;:&quot;https:\\\/\\\/sindilojasfor.org.br\\\/site\\\/wp-content\\\/uploads\\\/2016\\\/12\\\/CCT2008.pdf&quot;,&quot;is_external&quot;:&quot;on&quot;,&quot;nofollow&quot;:&quot;&quot;}\" style=\"cursor: pointer\" class=\"elementor-element elementor-element-1b3f346 e-con-full e-flex e-con e-parent\" data-id=\"1b3f346\" data-element_type=\"container\" data-e-type=\"container\" data-settings=\"{&quot;background_background&quot;:&quot;classic&quot;}\">\n\t\t\t\t<div class=\"elementor-element elementor-element-2f5c5aa elementor-widget elementor-widget-heading\" data-id=\"2f5c5aa\" data-element_type=\"widget\" data-e-type=\"widget\" data-widget_type=\"heading.default\">\n\t\t\t\t<div class=\"elementor-widget-container\">\n\t\t\t\t\t<p class=\"elementor-heading-title elementor-size-default\">CONVEN\u00c7\u00c3O COLETIVA 2008\u2028<\/p>\t\t\t\t<\/div>\n\t\t\t\t<\/div>\n\t\t\t\t<\/div>\n\t\t\t\t<\/div>\n\t\t<\/div><div class=\"jet-listing-grid__item jet-listing-dynamic-post-17446 jet-equal-columns\" data-post-id=\"17446\"  >\t\t<div data-elementor-type=\"jet-listing-items\" data-elementor-id=\"10607\" class=\"elementor elementor-10607\" data-elementor-post-type=\"jet-engine\">\n\t\t\t\t<div data-ha-element-link=\"{&quot;url&quot;:&quot;https:\\\/\\\/sindilojasfor.org.br\\\/site\\\/wp-content\\\/uploads\\\/2016\\\/12\\\/CCT2007.pdf&quot;,&quot;is_external&quot;:&quot;on&quot;,&quot;nofollow&quot;:&quot;&quot;}\" style=\"cursor: pointer\" class=\"elementor-element elementor-element-1b3f346 e-con-full e-flex e-con e-parent\" data-id=\"1b3f346\" data-element_type=\"container\" data-e-type=\"container\" data-settings=\"{&quot;background_background&quot;:&quot;classic&quot;}\">\n\t\t\t\t<div class=\"elementor-element elementor-element-2f5c5aa elementor-widget elementor-widget-heading\" data-id=\"2f5c5aa\" data-element_type=\"widget\" data-e-type=\"widget\" data-widget_type=\"heading.default\">\n\t\t\t\t<div class=\"elementor-widget-container\">\n\t\t\t\t\t<p class=\"elementor-heading-title elementor-size-default\">CONVEN\u00c7\u00c3O COLETIVA 2007\u2028<\/p>\t\t\t\t<\/div>\n\t\t\t\t<\/div>\n\t\t\t\t<\/div>\n\t\t\t\t<\/div>\n\t\t<\/div><div class=\"jet-listing-grid__item jet-listing-dynamic-post-17447 jet-equal-columns\" data-post-id=\"17447\"  >\t\t<div data-elementor-type=\"jet-listing-items\" data-elementor-id=\"10607\" class=\"elementor elementor-10607\" data-elementor-post-type=\"jet-engine\">\n\t\t\t\t<div data-ha-element-link=\"{&quot;url&quot;:&quot;https:\\\/\\\/sindilojasfor.org.br\\\/site\\\/wp-content\\\/uploads\\\/2016\\\/12\\\/CCT2006.pdf&quot;,&quot;is_external&quot;:&quot;on&quot;,&quot;nofollow&quot;:&quot;&quot;}\" style=\"cursor: pointer\" class=\"elementor-element elementor-element-1b3f346 e-con-full e-flex e-con e-parent\" data-id=\"1b3f346\" data-element_type=\"container\" data-e-type=\"container\" data-settings=\"{&quot;background_background&quot;:&quot;classic&quot;}\">\n\t\t\t\t<div class=\"elementor-element elementor-element-2f5c5aa elementor-widget elementor-widget-heading\" data-id=\"2f5c5aa\" data-element_type=\"widget\" data-e-type=\"widget\" data-widget_type=\"heading.default\">\n\t\t\t\t<div class=\"elementor-widget-container\">\n\t\t\t\t\t<p class=\"elementor-heading-title elementor-size-default\">CONVEN\u00c7\u00c3O COLETIVA 2006\u2028<\/p>\t\t\t\t<\/div>\n\t\t\t\t<\/div>\n\t\t\t\t<\/div>\n\t\t\t\t<\/div>\n\t\t<\/div><div class=\"jet-listing-grid__item jet-listing-dynamic-post-17448 jet-equal-columns\" data-post-id=\"17448\"  >\t\t<div data-elementor-type=\"jet-listing-items\" data-elementor-id=\"10607\" class=\"elementor elementor-10607\" data-elementor-post-type=\"jet-engine\">\n\t\t\t\t<div data-ha-element-link=\"{&quot;url&quot;:&quot;https:\\\/\\\/sindilojasfor.org.br\\\/site\\\/wp-content\\\/uploads\\\/2016\\\/12\\\/CCT2005.pdf&quot;,&quot;is_external&quot;:&quot;on&quot;,&quot;nofollow&quot;:&quot;&quot;}\" style=\"cursor: pointer\" class=\"elementor-element elementor-element-1b3f346 e-con-full e-flex e-con e-parent\" data-id=\"1b3f346\" data-element_type=\"container\" data-e-type=\"container\" data-settings=\"{&quot;background_background&quot;:&quot;classic&quot;}\">\n\t\t\t\t<div class=\"elementor-element elementor-element-2f5c5aa elementor-widget elementor-widget-heading\" data-id=\"2f5c5aa\" data-element_type=\"widget\" data-e-type=\"widget\" data-widget_type=\"heading.default\">\n\t\t\t\t<div class=\"elementor-widget-container\">\n\t\t\t\t\t<p class=\"elementor-heading-title elementor-size-default\">CONVEN\u00c7\u00c3O COLETIVA 2005\u2028<\/p>\t\t\t\t<\/div>\n\t\t\t\t<\/div>\n\t\t\t\t<\/div>\n\t\t\t\t<\/div>\n\t\t<\/div><div class=\"jet-listing-grid__item jet-listing-dynamic-post-17449 jet-equal-columns\" data-post-id=\"17449\"  >\t\t<div data-elementor-type=\"jet-listing-items\" data-elementor-id=\"10607\" class=\"elementor elementor-10607\" data-elementor-post-type=\"jet-engine\">\n\t\t\t\t<div data-ha-element-link=\"{&quot;url&quot;:&quot;https:\\\/\\\/sindilojasfor.org.br\\\/site\\\/wp-content\\\/uploads\\\/2016\\\/12\\\/CCT2004.pdf&quot;,&quot;is_external&quot;:&quot;on&quot;,&quot;nofollow&quot;:&quot;&quot;}\" style=\"cursor: pointer\" class=\"elementor-element elementor-element-1b3f346 e-con-full e-flex e-con e-parent\" data-id=\"1b3f346\" data-element_type=\"container\" data-e-type=\"container\" data-settings=\"{&quot;background_background&quot;:&quot;classic&quot;}\">\n\t\t\t\t<div class=\"elementor-element elementor-element-2f5c5aa elementor-widget elementor-widget-heading\" data-id=\"2f5c5aa\" data-element_type=\"widget\" data-e-type=\"widget\" data-widget_type=\"heading.default\">\n\t\t\t\t<div class=\"elementor-widget-container\">\n\t\t\t\t\t<p class=\"elementor-heading-title elementor-size-default\">CONVEN\u00c7\u00c3O COLETIVA 2004\u2028<\/p>\t\t\t\t<\/div>\n\t\t\t\t<\/div>\n\t\t\t\t<\/div>\n\t\t\t\t<\/div>\n\t\t<\/div><\/div><\/div>\t\t\t\t<\/div>\n\t\t\t\t<\/div>\n\t\t\t\t\t<\/div>\n\t\t\t\t<\/div>\n\t\t<div class=\"elementor-element elementor-element-90e9602 elementor-hidden-desktop elementor-hidden-laptop elementor-hidden-tablet elementor-hidden-mobile e-flex e-con-boxed e-con e-parent\" data-id=\"90e9602\" data-element_type=\"container\" data-e-type=\"container\">\n\t\t\t\t\t<div class=\"e-con-inner\">\n\t\t\t\t<div class=\"elementor-element elementor-element-9d6a29b elementor-widget elementor-widget-text-editor\" data-id=\"9d6a29b\" data-element_type=\"widget\" data-e-type=\"widget\" data-widget_type=\"text-editor.default\">\n\t\t\t\t<div class=\"elementor-widget-container\">\n\t\t\t\t\t\t\t\t\t<p><a href=\"https:\/\/sindilojasfor.org.br\/site\/wp-content\/uploads\/2025\/01\/Convencao-Coletiva-de-Trabalho-SINDILOJAS.pdf\" target=\"_blank\" rel=\"noopener noreferrer\">CONVEN\u00c7\u00c3O COLETIVA DE TRABALHO SINDILOJAS 2025-2026<\/a><\/p><p><a href=\"https:\/\/sindilojasfor.org.br\/site\/wp-content\/uploads\/2025\/01\/Convencao-Coletiva-de-Trabalho-SINDIMAC.pdf\" target=\"_blank\" rel=\"noopener noreferrer\">CONVEN\u00c7\u00c3O COLETIVA DE TRABALHO SINDIMAC 2025-2026<\/a><\/p><p><a href=\"https:\/\/sindilojasfor.org.br\/site\/wp-content\/uploads\/2023\/12\/Termo-Aditivo-Convencao-Coletiva-de-Trabalho-2023-2024-SINDILOJAS.pdf\" target=\"_blank\" rel=\"noopener noreferrer\">TERMO ADITIVO CONVEN\u00c7\u00c3O COLETIVA DE TRABALHO SINDILOJAS 2023\/2024<\/a><\/p><p><a href=\"https:\/\/sindilojasfor.org.br\/site\/wp-content\/uploads\/2023\/12\/Termo-Aditivo-Convencao-Coletiva-de-Trabalho-2023-2024-SINDIMAC.pdf\" target=\"_blank\" rel=\"noopener noreferrer\">TERMO ADITIVO CONVEN\u00c7\u00c3O COLETIVA DE TRABALHO SINDIMAC 2023\/2024<\/a><\/p><p><a href=\"https:\/\/sindilojasfor.org.br\/site\/wp-content\/uploads\/2023\/01\/Convencao-Coletiva-Sindilojas-2023-2024-registrada-2.pdf\" target=\"_blank\" rel=\"noopener noreferrer\">CONVEN\u00c7\u00c3O COLETIVA DE TRABALHO SINDILOJAS 2023-2024<\/a><\/p><p><a href=\"https:\/\/sindilojasfor.org.br\/site\/wp-content\/uploads\/2023\/01\/Convencao-Coletiva-Sindimac-2023-2024-registrada-1.pdf\" target=\"_blank\" rel=\"noopener noreferrer\">CONVEN\u00c7\u00c3O COLETIVA DE TRABALHO SINDIMAC 2023-2024<\/a><\/p><p><a href=\"https:\/\/sindilojasfor.org.br\/site\/wp-content\/uploads\/2022\/01\/SINDILOJAS-Termo-Aditivo-CCT-2022.pdf\" target=\"_blank\" rel=\"noopener noreferrer\">TERMO ADITIVO CONVEN\u00c7\u00c3O COLETIVA DE TRABALHO SINDILOJAS 2022<\/a><\/p><p><a href=\"https:\/\/sindilojasfor.org.br\/site\/wp-content\/uploads\/2022\/01\/SINDIMAC-Termo-Aditivo-CCT-2022.pdf\" target=\"_blank\" rel=\"noopener noreferrer\">TERMO ADITIVO CONVEN\u00c7\u00c3O COLETIVA DE TRABALHO SINDIMAC 2022<\/a><\/p><p><a href=\"https:\/\/sindilojasfor.org.br\/site\/wp-content\/uploads\/2021\/04\/Termo-de-Ajuste-de-Conduta-Sindilojas-2021_3.pdf\" target=\"_blank\" rel=\"noopener noreferrer\">TERMO DE AJUSTAMENTO DE CONDUTA-TAC SINDILOJAS &#8211; 03\/2021<\/a><\/p><p><a href=\"https:\/\/sindilojasfor.org.br\/site\/wp-content\/uploads\/2021\/03\/Termo-de-Ajuste-de-Conduta-Sindilojas-2021_2.pdf\" target=\"_blank\" rel=\"noopener noreferrer\">TERMO DE AJUSTAMENTO DE CONDUTA-TAC SINDILOJAS &#8211; 02\/2021<\/a><\/p><p><a href=\"https:\/\/sindilojasfor.org.br\/site\/wp-content\/uploads\/2021\/03\/Termo-de-Ajuste-de-Conduta-Sindilojas-2021.pdf\" target=\"_blank\" rel=\"noopener noreferrer\">TERMO DE AJUSTAMENTO DE CONDUTA-TAC SINDILOJAS &#8211; 01\/2021<\/a><\/p><p><a href=\"https:\/\/sindilojasfor.org.br\/site\/wp-content\/uploads\/2021\/02\/Termo-Aditivo-de-Convencao-Coletiva-2021-2022-SINDILOJAS.pdf\" target=\"_blank\" rel=\"noopener noreferrer\">TERMO ADITIVO CONVEN\u00c7\u00c3O COLETIVA DE TRABALHO SINDILOJAS 2021-2022<\/a><\/p><p><a href=\"https:\/\/sindilojasfor.org.br\/site\/wp-content\/uploads\/2021\/02\/Termo-Aditivo-de-Convencao-Coletiva-2021-2022-SINDITINTAS.pdf\" target=\"_blank\" rel=\"noopener noreferrer\">TERMO ADITIVO CONVEN\u00c7\u00c3O COLETIVA DE TRABALHO SINDITINTAS 2021-2022<\/a><\/p><p><a href=\"https:\/\/sindilojasfor.org.br\/site\/wp-content\/uploads\/2020\/12\/CCT-SINDILOJAS-2021-2022.pdf\" target=\"_blank\" rel=\"noopener noreferrer\">CONVEN\u00c7\u00c3O COLETIVA DE TRABALHO SINDILOJAS 2021-2022<\/a><\/p><p><a href=\"https:\/\/sindilojasfor.org.br\/site\/wp-content\/uploads\/2020\/12\/CCT-SINDITINTAS-2021-2022.pdf\" target=\"_blank\" rel=\"noopener noreferrer\">CONVEN\u00c7\u00c3O COLETIVA DE TRABALHO SINDITINTAS 2021-2022<\/a><\/p><p><a href=\"http:\/\/sindilojasfor.org.br\/site\/wp-content\/uploads\/2020\/09\/doc01500120200902130816.pdf\" target=\"_blank\" rel=\"noopener noreferrer\">TERMO DE ACORDO SOBRE OS PR\u00d3XIMOS FERIADOS 2020 &#8211; SINDILOJAS<\/a><\/p><p><a href=\"http:\/\/sindilojasfor.org.br\/site\/wp-content\/uploads\/2020\/09\/doc01500220200902130836.pdf\" target=\"_blank\" rel=\"noopener noreferrer\">TERMO DE ACORDO SOBRE OS PR\u00d3XIMOS FERIADOS 2020 &#8211; SINDIMAC<\/a><\/p><p><a href=\"http:\/\/sindilojasfor.org.br\/site\/wp-content\/uploads\/2016\/12\/TERMO-DE-AJUSTAMENTO-DE-CONDUTA-SINDILOJAS-02-2020.pdf\" target=\"_blank\" rel=\"noopener noreferrer\">TERMO DE AJUSTAMENTO DE CONDUTA SINDILOJAS &#8211; 02-2020<\/a><\/p><p><a href=\"http:\/\/sindilojasfor.org.br\/site\/wp-content\/uploads\/2016\/12\/TERMO-DE-AJUSTAMENTO-DE-CONDUTA-SINDIMAC-02-2020.pdf\" target=\"_blank\" rel=\"noopener noreferrer\">TERMO DE AJUSTAMENTO DE CONDUTA SINDIMAC &#8211; 02-2020<\/a><\/p><p><a href=\"http:\/\/sindilojasfor.org.br\/site\/wp-content\/uploads\/2016\/12\/TERMO-DE-AJUSTAMENTO-DE-CONDUTA-SINDILOJAS.pdf\" target=\"_blank\" rel=\"noopener noreferrer\">TERMO DE AJUSTAMENTO DE CONDUTA SINDILOJAS &#8211; 01\/2020<\/a><\/p><p><a href=\"http:\/\/sindilojasfor.org.br\/site\/wp-content\/uploads\/2016\/12\/TERMO-DE-AJUSTAMENTO-DE-CONDUTA-SINDIMAC.pdf\" target=\"_blank\" rel=\"noopener noreferrer\">TERMO DE AJUSTAMENTO DE CONDUTA SINDIMAC &#8211; 01\/2020<\/a><\/p><p><a href=\"http:\/\/sindilojasfor.org.br\/site\/wp-content\/uploads\/2016\/12\/Termo-Aditivo-de-Conven\u00e7\u00e3o-Coletiva-SINDILOJAS-2020.pdf\" target=\"_blank\" rel=\"noopener noreferrer\">TERMO ADITIVO DE CONVEN\u00c7\u00c3O COLETIVA SINDILOJAS 2020<\/a><\/p><p><a href=\"http:\/\/sindilojasfor.org.br\/site\/wp-content\/uploads\/2016\/12\/Termo-Aditivo-de-Conven\u00e7\u00e3o-Coletiva-SINDITINTAS-2020.pdf\" target=\"_blank\" rel=\"noopener noreferrer\">TERMO ADITIVO DE CONVEN\u00c7\u00c3O COLETIVA SINDITINTAS 2020<\/a><\/p><p><a href=\"http:\/\/sindilojasfor.org.br\/site\/wp-content\/uploads\/2016\/12\/Termo-Aditivo-de-Conven\u00e7\u00e3o-Coletiva-SINDILOJAS-2019.pdf\" target=\"_blank\" rel=\"noopener noreferrer\">TERMO ADITIVO DE CONVEN\u00c7\u00c3O COLETIVA SINDILOJAS 2019<\/a><\/p><p><a href=\"http:\/\/sindilojasfor.org.br\/site\/wp-content\/uploads\/2016\/12\/Termo-Aditivo-de-Conven\u00e7\u00e3o-Coletiva-SINDITINTAS-2019.pdf\" target=\"_blank\" rel=\"noopener noreferrer\">TERMO ADITIVO DE CONVEN\u00c7\u00c3O COLETIVA SINDITINTAS 2019<\/a><\/p><p><a href=\"http:\/\/sindilojasfor.org.br\/site\/wp-content\/uploads\/2016\/12\/Termo-aditivo-a-Conven\u00e7\u00e3o-Coletiva-de-Trabalho-2019-2020.pdf\" target=\"_blank\" rel=\"noopener noreferrer\">TERMO ADITIVO A CONVEN\u00c7\u00c3O COLETIVA DE TRABALHO 2019-2020<\/a><\/p><p><a href=\"http:\/\/sindilojasfor.org.br\/site\/wp-content\/uploads\/2016\/12\/CCT-SINDILOJAS-2019-2020-REGISTRADA.pdf\" target=\"_blank\" rel=\"noopener noreferrer\">CONVEN\u00c7\u00c3O COLETIVA 2019\/2020 (SINDILOJAS)<\/a><\/p><p><a href=\"http:\/\/sindilojasfor.org.br\/site\/wp-content\/uploads\/2016\/12\/CCT-SINDITINTAS-2019-2020-REGISTRADA.pdf\" target=\"_blank\" rel=\"noopener noreferrer\">CONVEN\u00c7\u00c3O COLETIVA 2019\/2020 (SINDITINTAS)<\/a><\/p><p><a href=\"http:\/\/sindilojasfor.org.br\/site\/wp-content\/uploads\/2016\/12\/Conven\u00e7\u00e3o-Coletiva-2018-Homologada.pdf\" target=\"_blank\" rel=\"noopener noreferrer\">CONVEN\u00c7\u00c3O COLETIVA 2018<\/a><\/p><p><a href=\"http:\/\/sindilojasfor.org.br\/site\/wp-content\/uploads\/2016\/12\/CONVEN\u00c7\u00c3O-COLETIVA-DE-TRABALHO-2017-SINDILOJAS.pdf\" target=\"_blank\" rel=\"noopener noreferrer\">CONVEN\u00c7\u00c3O COLETIVA 2017<\/a><\/p><p><a href=\"http:\/\/sindilojasfor.org.br\/site\/wp-content\/uploads\/2016\/12\/CCT2016.pdf\" target=\"_blank\" rel=\"noopener noreferrer\">CONVEN\u00c7\u00c3O COLETIVA 2016<\/a><\/p><p><a href=\"https:\/\/sindilojasfor.org.br\/site\/wp-content\/uploads\/2016\/12\/CCT2015.pdf\" target=\"_blank\" rel=\"noopener noreferrer\">CONVEN\u00c7AO COLETIVA 2015<\/a><\/p><p><a href=\"https:\/\/sindilojasfor.org.br\/site\/wp-content\/uploads\/2016\/12\/CCT2014.pdf\" target=\"_blank\" rel=\"noopener noreferrer\">CONVEN\u00c7\u00c3O COLETIVA 2014<\/a><\/p><p><a href=\"https:\/\/sindilojasfor.org.br\/site\/wp-content\/uploads\/2016\/12\/CCT2013.pdf\" target=\"_blank\" rel=\"noopener noreferrer\">CONVEN\u00c7\u00c3O COLETIVA 2013<\/a><\/p><p><a href=\"https:\/\/sindilojasfor.org.br\/site\/wp-content\/uploads\/2016\/12\/CCT2012.pdf\" target=\"_blank\" rel=\"noopener noreferrer\">CONVEN\u00c7\u00c3O COLETIVA 2012<\/a><\/p><p><a href=\"https:\/\/sindilojasfor.org.br\/site\/wp-content\/uploads\/2016\/12\/CCT2011.pdf\" target=\"_blank\" rel=\"noopener\">CONVEN\u00c7\u00c3O COLETIVA 2011<\/a><\/p><p><a href=\"https:\/\/sindilojasfor.org.br\/site\/wp-content\/uploads\/2016\/12\/CCT2010.pdf\">&gt; CONVEN\u00c7\u00c3O COLETIVA 2010<\/a><\/p><p><a href=\"https:\/\/sindilojasfor.org.br\/site\/wp-content\/uploads\/2016\/12\/CCT2009.pdf\" target=\"_blank\" rel=\"noopener\">CONVEN\u00c7\u00c3O COLETIVA 2009<\/a><\/p><p><a href=\"https:\/\/sindilojasfor.org.br\/site\/wp-content\/uploads\/2016\/12\/CCT2008.pdf\" target=\"_blank\" rel=\"noopener\">CONVEN\u00c7\u00c3O COLETIVA 2008<\/a><\/p><p><a href=\"https:\/\/sindilojasfor.org.br\/site\/wp-content\/uploads\/2016\/12\/CCT2007.pdf\" target=\"_blank\" rel=\"noopener\">CONVEN\u00c7\u00c3O COLETIVA 2007<\/a><\/p><p><a href=\"https:\/\/sindilojasfor.org.br\/site\/wp-content\/uploads\/2016\/12\/CCT2006.pdf\" target=\"_blank\" rel=\"noopener\">CONVEN\u00c7\u00c3O COLETIVA 2006<\/a><\/p><p><a href=\"https:\/\/sindilojasfor.org.br\/site\/wp-content\/uploads\/2016\/12\/CCT2005.pdf\" target=\"_blank\" rel=\"noopener\">CONVEN\u00c7\u00c3O COLETIVA 2005<\/a><\/p><p><a href=\"https:\/\/sindilojasfor.org.br\/site\/wp-content\/uploads\/2016\/12\/CCT2004.pdf\" target=\"_blank\" rel=\"noopener\">CONVEN\u00c7\u00c3O COLETIVA 2004<\/a><\/p>\t\t\t\t\t\t\t\t<\/div>\n\t\t\t\t<\/div>\n\t\t\t\t\t<\/div>\n\t\t\t\t<\/div>\n\t\t<div class=\"elementor-element elementor-element-e55f9b2 e-flex e-con-boxed e-con e-parent\" data-id=\"e55f9b2\" data-element_type=\"container\" data-e-type=\"container\">\n\t\t\t\t\t<div class=\"e-con-inner\">\n\t\t\t\t<div class=\"elementor-element elementor-element-94b0c85 elementor-widget elementor-widget-image\" data-id=\"94b0c85\" data-element_type=\"widget\" data-e-type=\"widget\" data-widget_type=\"image.default\">\n\t\t\t\t<div class=\"elementor-widget-container\">\n\t\t\t\t\t\t\t\t\t\t\t\t\t\t\t<img decoding=\"async\" width=\"71\" height=\"71\" src=\"https:\/\/sindilojasfor.org.br\/web\/wp-content\/uploads\/2025\/05\/detalhe-xadrez.webp\" class=\"attachment-large size-large wp-image-128\" alt=\"\" \/>\t\t\t\t\t\t\t\t\t\t\t\t\t\t\t<\/div>\n\t\t\t\t<\/div>\n\t\t\t\t\t<\/div>\n\t\t\t\t<\/div>\n\t\t\t\t<\/div>\n\t\t","protected":false},"excerpt":{"rendered":"<p>CONVEN\u00c7\u00c3O COLETIVA DE TRABALHO SINDILOJAS 2025-2026 CONVEN\u00c7\u00c3O COLETIVA DE TRABALHO SINDIMAC 2025-2026 TERMO ADITIVO CONVEN\u00c7\u00c3O COLETIVA DE TRABALHO SINDILOJAS 2023\/2024 TERMO ADITIVO CONVEN\u00c7\u00c3O COLETIVA DE TRABALHO SINDIMAC 2023\/2024 CONVEN\u00c7\u00c3O COLETIVA DE TRABALHO SINDILOJAS 2023-2024 CONVEN\u00c7\u00c3O COLETIVA DE TRABALHO SINDIMAC 2023-2024 TERMO ADITIVO CONVEN\u00c7\u00c3O COLETIVA DE TRABALHO SINDILOJAS 2022 TERMO ADITIVO CONVEN\u00c7\u00c3O COLETIVA DE TRABALHO SINDIMAC [&hellip;]<\/p>\n","protected":false},"author":1,"featured_media":0,"parent":0,"menu_order":0,"comment_status":"closed","ping_status":"closed","template":"","meta":{"footnotes":""},"class_list":["post-10602","page","type-page","status-publish","hentry"],"yoast_head":"<!-- This site is optimized with the Yoast SEO plugin v27.3 - https:\/\/yoast.com\/product\/yoast-seo-wordpress\/ -->\n<title>Conven\u00e7\u00f5es Coletivas - Sindilojas Fortaleza<\/title>\n<meta name=\"robots\" content=\"index, follow, max-snippet:-1, max-image-preview:large, max-video-preview:-1\" \/>\n<link rel=\"canonical\" href=\"https:\/\/sindilojasfor.org.br\/web\/convencoes-coletivas\/\" \/>\n<meta property=\"og:locale\" content=\"pt_BR\" \/>\n<meta property=\"og:type\" content=\"article\" \/>\n<meta property=\"og:title\" content=\"Conven\u00e7\u00f5es Coletivas - Sindilojas Fortaleza\" \/>\n<meta property=\"og:description\" content=\"CONVEN\u00c7\u00c3O COLETIVA DE TRABALHO SINDILOJAS 2025-2026 CONVEN\u00c7\u00c3O COLETIVA DE TRABALHO SINDIMAC 2025-2026 TERMO ADITIVO CONVEN\u00c7\u00c3O COLETIVA DE TRABALHO SINDILOJAS 2023\/2024 TERMO ADITIVO CONVEN\u00c7\u00c3O COLETIVA DE TRABALHO SINDIMAC 2023\/2024 CONVEN\u00c7\u00c3O COLETIVA DE TRABALHO SINDILOJAS 2023-2024 CONVEN\u00c7\u00c3O COLETIVA DE TRABALHO SINDIMAC 2023-2024 TERMO ADITIVO CONVEN\u00c7\u00c3O COLETIVA DE TRABALHO SINDILOJAS 2022 TERMO ADITIVO CONVEN\u00c7\u00c3O COLETIVA DE TRABALHO SINDIMAC [&hellip;]\" \/>\n<meta property=\"og:url\" content=\"https:\/\/sindilojasfor.org.br\/web\/convencoes-coletivas\/\" \/>\n<meta property=\"og:site_name\" content=\"Sindilojas Fortaleza\" \/>\n<meta property=\"article:publisher\" content=\"https:\/\/www.facebook.com\/SindilojasFortaleza\" \/>\n<meta property=\"article:modified_time\" content=\"2025-06-24T15:36:02+00:00\" \/>\n<meta property=\"og:image\" content=\"https:\/\/sindilojasfor.org.br\/web\/wp-content\/uploads\/2025\/05\/detalhe-xadrez.webp\" \/>\n<meta name=\"twitter:card\" content=\"summary_large_image\" \/>\n<meta name=\"twitter:site\" content=\"@SindilojasFor\" \/>\n<meta name=\"twitter:label1\" content=\"Est. tempo de leitura\" \/>\n\t<meta name=\"twitter:data1\" content=\"5 minutos\" \/>\n<script type=\"application\/ld+json\" class=\"yoast-schema-graph\">{\"@context\":\"https:\\\/\\\/schema.org\",\"@graph\":[{\"@type\":\"WebPage\",\"@id\":\"https:\\\/\\\/sindilojasfor.org.br\\\/web\\\/convencoes-coletivas\\\/\",\"url\":\"https:\\\/\\\/sindilojasfor.org.br\\\/web\\\/convencoes-coletivas\\\/\",\"name\":\"Conven\u00e7\u00f5es Coletivas - Sindilojas Fortaleza\",\"isPartOf\":{\"@id\":\"https:\\\/\\\/sindilojasfor.org.br\\\/web\\\/#website\"},\"primaryImageOfPage\":{\"@id\":\"https:\\\/\\\/sindilojasfor.org.br\\\/web\\\/convencoes-coletivas\\\/#primaryimage\"},\"image\":{\"@id\":\"https:\\\/\\\/sindilojasfor.org.br\\\/web\\\/convencoes-coletivas\\\/#primaryimage\"},\"thumbnailUrl\":\"https:\\\/\\\/sindilojasfor.org.br\\\/web\\\/wp-content\\\/uploads\\\/2025\\\/05\\\/detalhe-xadrez.webp\",\"datePublished\":\"2025-05-05T20:22:57+00:00\",\"dateModified\":\"2025-06-24T15:36:02+00:00\",\"breadcrumb\":{\"@id\":\"https:\\\/\\\/sindilojasfor.org.br\\\/web\\\/convencoes-coletivas\\\/#breadcrumb\"},\"inLanguage\":\"pt-BR\",\"potentialAction\":[{\"@type\":\"ReadAction\",\"target\":[\"https:\\\/\\\/sindilojasfor.org.br\\\/web\\\/convencoes-coletivas\\\/\"]}]},{\"@type\":\"ImageObject\",\"inLanguage\":\"pt-BR\",\"@id\":\"https:\\\/\\\/sindilojasfor.org.br\\\/web\\\/convencoes-coletivas\\\/#primaryimage\",\"url\":\"https:\\\/\\\/sindilojasfor.org.br\\\/web\\\/wp-content\\\/uploads\\\/2025\\\/05\\\/detalhe-xadrez.webp\",\"contentUrl\":\"https:\\\/\\\/sindilojasfor.org.br\\\/web\\\/wp-content\\\/uploads\\\/2025\\\/05\\\/detalhe-xadrez.webp\",\"width\":71,\"height\":71},{\"@type\":\"BreadcrumbList\",\"@id\":\"https:\\\/\\\/sindilojasfor.org.br\\\/web\\\/convencoes-coletivas\\\/#breadcrumb\",\"itemListElement\":[{\"@type\":\"ListItem\",\"position\":1,\"name\":\"In\u00edcio\",\"item\":\"https:\\\/\\\/sindilojasfor.org.br\\\/web\\\/\"},{\"@type\":\"ListItem\",\"position\":2,\"name\":\"Conven\u00e7\u00f5es Coletivas\"}]},{\"@type\":\"WebSite\",\"@id\":\"https:\\\/\\\/sindilojasfor.org.br\\\/web\\\/#website\",\"url\":\"https:\\\/\\\/sindilojasfor.org.br\\\/web\\\/\",\"name\":\"Sindilojas Fortaleza\",\"description\":\"H\u00e1 91 anos, A Casa do Lojista\",\"publisher\":{\"@id\":\"https:\\\/\\\/sindilojasfor.org.br\\\/web\\\/#organization\"},\"potentialAction\":[{\"@type\":\"SearchAction\",\"target\":{\"@type\":\"EntryPoint\",\"urlTemplate\":\"https:\\\/\\\/sindilojasfor.org.br\\\/web\\\/?s={search_term_string}\"},\"query-input\":{\"@type\":\"PropertyValueSpecification\",\"valueRequired\":true,\"valueName\":\"search_term_string\"}}],\"inLanguage\":\"pt-BR\"},{\"@type\":\"Organization\",\"@id\":\"https:\\\/\\\/sindilojasfor.org.br\\\/web\\\/#organization\",\"name\":\"Sindilojas Fortaleza\",\"url\":\"https:\\\/\\\/sindilojasfor.org.br\\\/web\\\/\",\"logo\":{\"@type\":\"ImageObject\",\"inLanguage\":\"pt-BR\",\"@id\":\"https:\\\/\\\/sindilojasfor.org.br\\\/web\\\/#\\\/schema\\\/logo\\\/image\\\/\",\"url\":\"https:\\\/\\\/sindilojasfor.org.br\\\/web\\\/wp-content\\\/uploads\\\/2025\\\/03\\\/logo.png\",\"contentUrl\":\"https:\\\/\\\/sindilojasfor.org.br\\\/web\\\/wp-content\\\/uploads\\\/2025\\\/03\\\/logo.png\",\"width\":750,\"height\":333,\"caption\":\"Sindilojas Fortaleza\"},\"image\":{\"@id\":\"https:\\\/\\\/sindilojasfor.org.br\\\/web\\\/#\\\/schema\\\/logo\\\/image\\\/\"},\"sameAs\":[\"https:\\\/\\\/www.facebook.com\\\/SindilojasFortaleza\",\"https:\\\/\\\/x.com\\\/SindilojasFor\",\"https:\\\/\\\/www.instagram.com\\\/SindilojasFor\",\"https:\\\/\\\/www.linkedin.com\\\/in\\\/gerencia-fortaleza-45093a46\\\/\",\"https:\\\/\\\/t.me\\\/sindilojasfortaleza\",\"https:\\\/\\\/www.youtube.com\\\/channel\\\/UCQOowPrNcYoeFMK58ZrCxDQ\"]}]}<\/script>\n<!-- \/ Yoast SEO plugin. -->","yoast_head_json":{"title":"Conven\u00e7\u00f5es Coletivas - Sindilojas Fortaleza","robots":{"index":"index","follow":"follow","max-snippet":"max-snippet:-1","max-image-preview":"max-image-preview:large","max-video-preview":"max-video-preview:-1"},"canonical":"https:\/\/sindilojasfor.org.br\/web\/convencoes-coletivas\/","og_locale":"pt_BR","og_type":"article","og_title":"Conven\u00e7\u00f5es Coletivas - Sindilojas Fortaleza","og_description":"CONVEN\u00c7\u00c3O COLETIVA DE TRABALHO SINDILOJAS 2025-2026 CONVEN\u00c7\u00c3O COLETIVA DE TRABALHO SINDIMAC 2025-2026 TERMO ADITIVO CONVEN\u00c7\u00c3O COLETIVA DE TRABALHO SINDILOJAS 2023\/2024 TERMO ADITIVO CONVEN\u00c7\u00c3O COLETIVA DE TRABALHO SINDIMAC 2023\/2024 CONVEN\u00c7\u00c3O COLETIVA DE TRABALHO SINDILOJAS 2023-2024 CONVEN\u00c7\u00c3O COLETIVA DE TRABALHO SINDIMAC 2023-2024 TERMO ADITIVO CONVEN\u00c7\u00c3O COLETIVA DE TRABALHO SINDILOJAS 2022 TERMO ADITIVO CONVEN\u00c7\u00c3O COLETIVA DE TRABALHO SINDIMAC [&hellip;]","og_url":"https:\/\/sindilojasfor.org.br\/web\/convencoes-coletivas\/","og_site_name":"Sindilojas Fortaleza","article_publisher":"https:\/\/www.facebook.com\/SindilojasFortaleza","article_modified_time":"2025-06-24T15:36:02+00:00","og_image":[{"url":"https:\/\/sindilojasfor.org.br\/web\/wp-content\/uploads\/2025\/05\/detalhe-xadrez.webp","type":"","width":"","height":""}],"twitter_card":"summary_large_image","twitter_site":"@SindilojasFor","twitter_misc":{"Est. tempo de leitura":"5 minutos"},"schema":{"@context":"https:\/\/schema.org","@graph":[{"@type":"WebPage","@id":"https:\/\/sindilojasfor.org.br\/web\/convencoes-coletivas\/","url":"https:\/\/sindilojasfor.org.br\/web\/convencoes-coletivas\/","name":"Conven\u00e7\u00f5es Coletivas - Sindilojas Fortaleza","isPartOf":{"@id":"https:\/\/sindilojasfor.org.br\/web\/#website"},"primaryImageOfPage":{"@id":"https:\/\/sindilojasfor.org.br\/web\/convencoes-coletivas\/#primaryimage"},"image":{"@id":"https:\/\/sindilojasfor.org.br\/web\/convencoes-coletivas\/#primaryimage"},"thumbnailUrl":"https:\/\/sindilojasfor.org.br\/web\/wp-content\/uploads\/2025\/05\/detalhe-xadrez.webp","datePublished":"2025-05-05T20:22:57+00:00","dateModified":"2025-06-24T15:36:02+00:00","breadcrumb":{"@id":"https:\/\/sindilojasfor.org.br\/web\/convencoes-coletivas\/#breadcrumb"},"inLanguage":"pt-BR","potentialAction":[{"@type":"ReadAction","target":["https:\/\/sindilojasfor.org.br\/web\/convencoes-coletivas\/"]}]},{"@type":"ImageObject","inLanguage":"pt-BR","@id":"https:\/\/sindilojasfor.org.br\/web\/convencoes-coletivas\/#primaryimage","url":"https:\/\/sindilojasfor.org.br\/web\/wp-content\/uploads\/2025\/05\/detalhe-xadrez.webp","contentUrl":"https:\/\/sindilojasfor.org.br\/web\/wp-content\/uploads\/2025\/05\/detalhe-xadrez.webp","width":71,"height":71},{"@type":"BreadcrumbList","@id":"https:\/\/sindilojasfor.org.br\/web\/convencoes-coletivas\/#breadcrumb","itemListElement":[{"@type":"ListItem","position":1,"name":"In\u00edcio","item":"https:\/\/sindilojasfor.org.br\/web\/"},{"@type":"ListItem","position":2,"name":"Conven\u00e7\u00f5es Coletivas"}]},{"@type":"WebSite","@id":"https:\/\/sindilojasfor.org.br\/web\/#website","url":"https:\/\/sindilojasfor.org.br\/web\/","name":"Sindilojas Fortaleza","description":"H\u00e1 91 anos, A Casa do Lojista","publisher":{"@id":"https:\/\/sindilojasfor.org.br\/web\/#organization"},"potentialAction":[{"@type":"SearchAction","target":{"@type":"EntryPoint","urlTemplate":"https:\/\/sindilojasfor.org.br\/web\/?s={search_term_string}"},"query-input":{"@type":"PropertyValueSpecification","valueRequired":true,"valueName":"search_term_string"}}],"inLanguage":"pt-BR"},{"@type":"Organization","@id":"https:\/\/sindilojasfor.org.br\/web\/#organization","name":"Sindilojas Fortaleza","url":"https:\/\/sindilojasfor.org.br\/web\/","logo":{"@type":"ImageObject","inLanguage":"pt-BR","@id":"https:\/\/sindilojasfor.org.br\/web\/#\/schema\/logo\/image\/","url":"https:\/\/sindilojasfor.org.br\/web\/wp-content\/uploads\/2025\/03\/logo.png","contentUrl":"https:\/\/sindilojasfor.org.br\/web\/wp-content\/uploads\/2025\/03\/logo.png","width":750,"height":333,"caption":"Sindilojas Fortaleza"},"image":{"@id":"https:\/\/sindilojasfor.org.br\/web\/#\/schema\/logo\/image\/"},"sameAs":["https:\/\/www.facebook.com\/SindilojasFortaleza","https:\/\/x.com\/SindilojasFor","https:\/\/www.instagram.com\/SindilojasFor","https:\/\/www.linkedin.com\/in\/gerencia-fortaleza-45093a46\/","https:\/\/t.me\/sindilojasfortaleza","https:\/\/www.youtube.com\/channel\/UCQOowPrNcYoeFMK58ZrCxDQ"]}]}},"_links":{"self":[{"href":"https:\/\/sindilojasfor.org.br\/web\/wp-json\/wp\/v2\/pages\/10602","targetHints":{"allow":["GET"]}}],"collection":[{"href":"https:\/\/sindilojasfor.org.br\/web\/wp-json\/wp\/v2\/pages"}],"about":[{"href":"https:\/\/sindilojasfor.org.br\/web\/wp-json\/wp\/v2\/types\/page"}],"author":[{"embeddable":true,"href":"https:\/\/sindilojasfor.org.br\/web\/wp-json\/wp\/v2\/users\/1"}],"replies":[{"embeddable":true,"href":"https:\/\/sindilojasfor.org.br\/web\/wp-json\/wp\/v2\/comments?post=10602"}],"version-history":[{"count":43,"href":"https:\/\/sindilojasfor.org.br\/web\/wp-json\/wp\/v2\/pages\/10602\/revisions"}],"predecessor-version":[{"id":17631,"href":"https:\/\/sindilojasfor.org.br\/web\/wp-json\/wp\/v2\/pages\/10602\/revisions\/17631"}],"wp:attachment":[{"href":"https:\/\/sindilojasfor.org.br\/web\/wp-json\/wp\/v2\/media?parent=10602"}],"curies":[{"name":"wp","href":"https:\/\/api.w.org\/{rel}","templated":true}]}}